{"id":59,"date":"2013-03-19T09:05:17","date_gmt":"2013-03-19T09:05:17","guid":{"rendered":"http:\/\/ferien-rhoen.de\/?page_id=59"},"modified":"2016-04-18T07:10:19","modified_gmt":"2016-04-18T07:10:19","slug":"landschaft-rhon","status":"publish","type":"page","link":"https:\/\/ferien-rhoen.de\/index.php\/landschaft-rhon\/","title":{"rendered":"Landschaft Rh\u00f6n"},"content":{"rendered":"<p><strong><span style=\"color: #000000;\"><span style=\"font-family: Arial;\"><a href=\"http:\/\/ferien-rhoen.de\/beispiel-seite\/talblick\/\" rel=\"attachment wp-att-55\"><img loading=\"lazy\" decoding=\"async\" class=\"alignnone size-medium wp-image-55\" style=\"width: 547px;\" alt=\"TALBLICK\" src=\"http:\/\/ferien-rhoen.de\/wp-content\/uploads\/2012\/05\/TALBLICK-300x254.jpg\" width=\"300\" height=\"254\" srcset=\"https:\/\/ferien-rhoen.de\/wp-content\/uploads\/2012\/05\/TALBLICK-300x254.jpg 300w, https:\/\/ferien-rhoen.de\/wp-content\/uploads\/2012\/05\/TALBLICK-1024x868.jpg 1024w, https:\/\/ferien-rhoen.de\/wp-content\/uploads\/2012\/05\/TALBLICK-600x508.jpg 600w, https:\/\/ferien-rhoen.de\/wp-content\/uploads\/2012\/05\/TALBLICK-353x300.jpg 353w, https:\/\/ferien-rhoen.de\/wp-content\/uploads\/2012\/05\/TALBLICK.jpg 1649w\" sizes=\"auto, (max-width: 300px) 100vw, 300px\" \/><\/a><\/span><\/span><\/strong><\/p>\n<p><strong><span style=\"color: #000000;\"><span style=\"font-family: Arial;\">Die Landschaft der Rh\u00f6n<\/span><\/span><\/strong><\/p>\n<p><span style=\"font-size: medium;\"><span style=\"color: #000000;\"><span style=\"font-family: Arial;\">Im Herzen Deutschlands teilen sich Bayern, Hessen und Th\u00fcringen die Rh\u00f6n, ein Mittelgebirge mit <\/span><\/span><\/span><span style=\"font-size: medium;\"><span style=\"color: #000000;\"><span style=\"font-family: Arial;\">ganz besonderen Reizen. Die Rh\u00f6n besteht aus langgestreckten H\u00f6henz\u00fcgen, flachwelligen <\/span><\/span><\/span><span style=\"font-size: medium;\"><span style=\"color: #000000;\"><span style=\"font-family: Arial;\">Hochebenen und einer Vielzahl von Kuppen. Sie zeigt damit zwar die typischen Z\u00fcge einer <\/span><\/span><\/span><span style=\"font-size: medium;\"><span style=\"color: #000000;\"><span style=\"font-family: Arial;\">Mittelgebirgslandschaft, l\u00e4sst insgesamt aber einen solchen Formenreichtum erkennen, wie <\/span><\/span><\/span><span style=\"font-size: medium;\"><span style=\"color: #000000;\"><span style=\"font-family: Arial;\">er nur in seltenen F\u00e4llen in einem Mittelgebirge vergleichbarer Ausdehnung zu finden ist. Drei <\/span><\/span><\/span><span style=\"font-size: medium;\"><span style=\"color: #000000;\"><span style=\"font-family: Arial;\">verschiedene Landschaftstypen k\u00f6nnen unterschieden werden: das Rh\u00f6nvorland ( Fuldaer <\/span><\/span><\/span><span style=\"font-size: medium;\"><span style=\"color: #000000;\"><span style=\"font-family: Arial;\">bzw. Fr\u00e4nkisches Vorland), die Kuppige Rh\u00f6n und die Hohe oder Lange Rh\u00f6n.\u00a0<\/span><\/span><\/span><\/p>\n<p><span style=\"font-size: medium;\"><span style=\"color: #000000;\"><span style=\"font-family: Arial;\">Im Vorland der Rh\u00f6n erheben sich die weichen Formen der sanft gew\u00f6lbten Bergr\u00fccken <\/span><\/span><\/span><span style=\"font-size: medium;\"><span style=\"color: #000000;\"><span style=\"font-family: Arial;\">kaum \u00fcber 500 m \u00fc. NN. Sie werden nur hier und da von st\u00e4rker herausragenden Einzelkuppen <\/span><\/span><\/span><span style=\"font-size: medium;\"><span style=\"color: #000000;\"><span style=\"font-family: Arial;\">unterbrochen. Nach Norden schlie\u00dft sich an diese ruhige Landschaft in einer ausgedehnten <\/span><\/span><\/span><span style=\"font-size: medium;\"><span style=\"color: #000000;\"><span style=\"font-family: Arial;\">Zone die Kuppige Rh\u00f6n an, die mit der Milseburg ( 833 m ) ihre gr\u00f6\u00dfte H\u00f6he erreicht und mit <\/span><\/span><\/span><span style=\"font-size: medium;\"><span style=\"color: #000000;\"><span style=\"font-family: Arial;\">dem Baier in Th\u00fcringen abschlie\u00dft. Das Massiv der Hohen Rh\u00f6n mit seinen Ausl\u00e4ufern bildet <\/span><\/span><\/span><span style=\"font-size: medium;\"><span style=\"color: #000000;\"><span style=\"font-family: Arial;\">einen breiten, geschlossenen, nur von wenigen passartigen \u00dcberg\u00e4ngen unterbrochenen Berg<\/span><\/span><\/span><span style=\"font-size: medium;\"><span style=\"color: #000000;\"><span style=\"font-family: Arial;\">zug, der ein weites welliges Hochplateau aufweist. H\u00f6chste Erhebungen sind Wasserkuppe <\/span><\/span><\/span><span style=\"font-size: medium;\"><span style=\"color: #000000;\"><span style=\"font-family: Arial;\">(950 m ), Heidelstein (926 m) und Kreuzberg (928 m). <\/span><\/span><\/span><\/p>\n<p><span style=\"font-family: Arial;\"><span style=\"font-size: medium;\"><span style=\"color: #000000;\">Die drei Landschaftstypen zeigen\u00a0 <\/span><\/span><span style=\"font-size: medium;\"><span style=\"color: #000000;\">hinsichtlich Vegetation und Bodennutzung, aber auch <\/span><\/span><\/span><span style=\"font-family: Arial;\"><span style=\"font-size: medium;\"><span style=\"color: #000000;\">hinsichtlich der Besiedlung deutliche Unterschiede.\u00a0 <\/span><\/span><span style=\"font-size: medium;\"><span style=\"color: #000000;\">Die langgezogenen H\u00f6henr\u00fccken des <\/span><\/span><\/span><span style=\"font-size: medium;\"><span style=\"color: #000000;\"><span style=\"font-family: Arial;\">Fuldaer Rh\u00f6nvorlandes und noch st\u00e4rker die der fr\u00e4nkischen Vorderrh\u00f6n sind in der Regel <\/span><\/span><\/span><span style=\"font-size: medium;\"><span style=\"color: #000000;\"><span style=\"font-family: Arial;\">mit Wald bestanden, w\u00e4hrend die flacheren H\u00e4nge landwirtschaftlich genutzt werden. <\/span><\/span><\/span><\/p>\n<p><span style=\"font-size: medium;\"><span style=\"color: #000000;\"><span style=\"font-family: Arial;\">Die Siedlungen, meist als Haufend\u00f6rfer angelegt, liegen an den H\u00e4ngen und in Talniederungen.<\/span><\/span><\/span><\/p>\n<p><span style=\"font-size: medium;\"><span style=\"color: #000000;\"><span style=\"font-family: Arial;\">In der landschaftlich au\u00dferordentlich vielgestaltigen Kuppigen Rh\u00f6n sind die Kuppen fast immer <\/span><\/span><\/span><span style=\"font-size: medium;\"><span style=\"color: #000000;\"><span style=\"font-family: Arial;\">von Laub- und Nadelwald bedeckt; die H\u00e4nge sind teils Huten oder werden auch noch acker<\/span><\/span><\/span><span style=\"font-size: medium;\"><span style=\"color: #000000;\"><span style=\"font-family: Arial;\">baulich genutzt. Kleine, oft stark zerstreute D\u00f6rfer, Weiler und Einzelgeh\u00f6fte sind hier die <\/span><\/span><\/span><span style=\"font-size: medium;\"><span style=\"color: #000000;\"><span style=\"font-family: Arial;\">charakteristische Siedlungsform. <\/span><\/span><\/span><\/p>\n<p><span style=\"font-size: medium;\"><span style=\"color: #000000;\"><span style=\"font-family: Arial;\">In auff\u00e4lligem Gegensatz dazu steht das Bild, das die Hohe Rh\u00f6n bietet. Die waldarme und <\/span><\/span><\/span><span style=\"font-size: medium;\"><span style=\"color: #000000;\"><span style=\"font-family: Arial;\">zugleich siedlungsfeindliche Hochfl\u00e4che wird von Matten, das sind almenartige Hochwiesen, <\/span><\/span><\/span><span style=\"font-size: medium;\"><span style=\"color: #000000;\"><span style=\"font-family: Arial;\">von Feuchtwiesen und \u00f6rtlich auch von Hochmooren eingenommen. Besonders hier wurde <\/span><\/span><\/span><span style=\"font-family: Arial;\"><span style=\"font-size: medium;\"><span style=\"color: #000000;\">der Begriff vom\u00a0 <\/span><\/span><span style=\"color: #000000; font-size: medium;\">&#8220; Land der offenen Fernen &#8222;<\/span><span style=\"color: #000000; font-size: medium;\">\u00a0 <\/span><span style=\"font-size: medium;\"><span style=\"color: #000000;\">gepr\u00e4gt. <\/span><\/span><\/span><\/p>\n<p><strong><span style=\"color: #000000;\"><span style=\"font-family: Arial;\"><a href=\"http:\/\/ferien-rhoen.de\/landschaft-rhon\/pferdskopf-12\/\" rel=\"attachment wp-att-113\"><img loading=\"lazy\" decoding=\"async\" class=\"size-medium wp-image-113 alignright\" alt=\"Pferdskopf 12\" src=\"http:\/\/ferien-rhoen.de\/wp-content\/uploads\/2013\/03\/Pferdskopf-12-300x200.jpg\" width=\"300\" height=\"200\" srcset=\"https:\/\/ferien-rhoen.de\/wp-content\/uploads\/2013\/03\/Pferdskopf-12-300x200.jpg 300w, https:\/\/ferien-rhoen.de\/wp-content\/uploads\/2013\/03\/Pferdskopf-12-1024x684.jpg 1024w, https:\/\/ferien-rhoen.de\/wp-content\/uploads\/2013\/03\/Pferdskopf-12-600x401.jpg 600w, https:\/\/ferien-rhoen.de\/wp-content\/uploads\/2013\/03\/Pferdskopf-12-448x300.jpg 448w, https:\/\/ferien-rhoen.de\/wp-content\/uploads\/2013\/03\/Pferdskopf-12.jpg 1900w\" sizes=\"auto, (max-width: 300px) 100vw, 300px\" \/><\/a>Geologisches von der Rh\u00f6n<\/span><\/span><\/strong><\/p>\n<p><span style=\"font-size: medium;\"><span style=\"color: #000000;\"><span style=\"font-family: Arial;\">Der Unterbau besteht aus Gesteinen der Trias, \u00fcberwiegend des Buntsandsteins. Diese Ge<\/span><\/span><\/span><span style=\"font-size: medium;\"><span style=\"color: #000000;\"><span style=\"font-family: Arial;\">steine sind in zahlreichen gegeneinander versetzten Schollen oder auch in schmalen Bruch<\/span><\/span><\/span><span style=\"font-size: medium;\"><span style=\"color: #000000;\"><span style=\"font-family: Arial;\">zonen angeordnet. Der Oberbau des Gebietes besteht aus vulkanischen Gesteinen terti\u00e4ren <\/span><\/span><\/span><span style=\"font-size: medium;\"><span style=\"color: #000000;\"><span style=\"font-family: Arial;\">Ursprungs. Diese treten in Form von Tuffen, Basalten und Phonolithen auf. <\/span><\/span><\/span><\/p>\n<div id=\"attachment_94\" style=\"width: 200px\" class=\"wp-caption alignright\"><a href=\"http:\/\/ferien-rhoen.de\/landschaft-rhon\/klettern1\/\" rel=\"attachment wp-att-94\"><img loading=\"lazy\" decoding=\"async\" aria-describedby=\"caption-attachment-94\" class=\"size-full wp-image-94\" alt=\"klettern[1]\" src=\"http:\/\/ferien-rhoen.de\/wp-content\/uploads\/2013\/03\/klettern1.jpeg\" width=\"190\" height=\"284\" \/><\/a><p id=\"caption-attachment-94\" class=\"wp-caption-text\">Kletterfelsen Steinwand<\/p><\/div>\n<p style=\"text-align: left;\"><span style=\"font-size: medium;\"><span style=\"color: #000000;\"><span style=\"font-family: Arial;\">Als charakteristisch f\u00fcr die Rh\u00f6n gelten schroffe Basalt- und Phonolithkegel oder sanft ab<\/span><\/span><\/span><span style=\"font-size: medium;\"><span style=\"color: #000000;\"><span style=\"font-family: Arial;\">fallende Kuppen (z.B. Wachtk\u00fcppel, Steinwand, Habelstein, Milseburg oder Nallen, Maul<\/span><\/span><\/span><span style=\"font-size: medium;\"><span style=\"color: #000000;\"><span style=\"font-family: Arial;\">kuppe, Himmeldunk, und die Berge des Hessischen Kegelspiels). Interessante geologische <\/span><\/span><\/span><span style=\"font-size: medium;\"><span style=\"color: #000000;\"><span style=\"font-family: Arial;\">Naturerscheinungen sind die oft ausgedehnten Basaltblockmeere am Schafstein, am Kreuz<\/span><\/span><\/span><span style=\"font-family: Arial;\"><span style=\"font-size: medium;\"><span style=\"color: #000000;\">berg, an der Milseburg, an Stellberg, Stallberg und Gangolfsberg.\u00a0 <\/span><\/span><span style=\"font-size: medium;\"><span style=\"color: #000000;\">Weite Fl\u00e4chen, die schon <\/span><\/span><\/span><span style=\"font-size: medium;\"><span style=\"color: #000000;\"><span style=\"font-family: Arial;\">lange keinen Wald mehr tragen, werden als Huten genutzt und oft heute noch beweidet. <\/span><\/span><\/span><span style=\"font-size: medium;\"><span style=\"color: #000000;\"><span style=\"font-family: Arial;\">Gelegentlich sind solche Weiden noch mit Wachholdern bewachsen und bilden so ein <\/span><\/span><\/span><span style=\"font-size: medium;\"><span style=\"color: #000000;\"><span style=\"font-family: Arial;\">eigenartiges Landschaftselement.\u00a0\u00a0\u00a0\u00a0\u00a0\u00a0\u00a0\u00a0\u00a0\u00a0\u00a0\u00a0\u00a0\u00a0\u00a0\u00a0\u00a0\u00a0\u00a0\u00a0\u00a0\u00a0\u00a0\u00a0\u00a0\u00a0\u00a0\u00a0\u00a0\u00a0\u00a0\u00a0\u00a0\u00a0\u00a0\u00a0\u00a0<\/span><\/span><\/span><\/p>\n<p><strong><span style=\"color: #000000;\"><span style=\"font-family: Arial;\">Vom Wetter<\/span><\/span><\/strong><span style=\"color: #000000; font-family: Arial; font-size: medium;\">\u00a0<\/span><\/p>\n<p><span style=\"font-size: medium;\"><span style=\"color: #000000;\"><span style=\"font-family: Arial;\">Rauh, mit sturmzerfetzten Wetterb\u00e4umen, wurde die Rh\u00f6n beschrieben. Ganz unberechtigt <\/span><\/span><\/span><span style=\"font-size: medium;\"><span style=\"color: #000000;\"><span style=\"font-family: Arial;\">waren die negativen Berichte des vorigen Jahrhunderts nicht, denn die damals noch unbe<\/span><\/span><\/span><span style=\"font-size: medium;\"><span style=\"color: #000000;\"><span style=\"font-family: Arial;\">waldeten h\u00f6heren Lagen des Gebirges boten den \u00fcberwiegend aus S\u00fcdwesten wehenden <\/span><\/span><\/span><span style=\"font-size: medium;\"><span style=\"color: #000000;\"><span style=\"font-family: Arial;\">Winden keinen Widerstand. Heute bremsen die W\u00e4lder die Gewalt der oft starken St\u00fcrme <\/span><\/span><\/span><span style=\"font-size: medium;\"><span style=\"color: #000000;\"><span style=\"font-family: Arial;\">und tragen so zur Verbesserung des Klimas bei. Inzwischen hat man jedoch erkannt, dass <\/span><\/span><\/span><span style=\"font-size: medium;\"><span style=\"color: #000000;\"><span style=\"font-family: Arial;\">die klimatischen Verh\u00e4ltnisse der Rh\u00f6n im \u00dcbergang der festl\u00e4ndisch beeinflussten s\u00fcdlichen <\/span><\/span><\/span><span style=\"font-size: medium;\"><span style=\"color: #000000;\"><span style=\"font-family: Arial;\">und \u00f6stlichen Str\u00f6mung zur atlantischen Luftzufuhr Norddeutschlands zwar nicht lieblich <\/span><\/span><\/span><span style=\"font-size: medium;\"><span style=\"color: #000000;\"><span style=\"font-family: Arial;\">zu nennen sind, dass sie aber durchaus dem menschlichen Organismus f\u00f6rderlich sind. <\/span><\/span><\/span><\/p>\n<p><span style=\"font-size: medium;\"><span style=\"color: #000000;\"><span style=\"font-family: Arial;\">Ein wichtiger bioklimatischer Faktor ist die relative Luftreinheit in diesem Raum. Deshalb <\/span><\/span><\/span><span style=\"font-size: medium;\"><span style=\"color: #000000;\"><span style=\"font-family: Arial;\">kommt die Sonnenstrahlung mit allen ihren biologisch wirksamen Anteilen voll zur Geltung. <\/span><\/span><\/span><span style=\"font-size: medium;\"><span style=\"color: #000000;\"><span style=\"font-family: Arial;\">Die sonstigen Mittelgebirgs-Klimareize der Rh\u00f6n , die als Training f\u00fcr den K\u00f6rper wirken, <\/span><\/span><\/span><span style=\"font-family: Arial;\"><span style=\"font-size: medium;\"><span style=\"color: #000000;\">sind im Mai am st\u00e4rksten anzutreffen.\u00a0 <\/span><\/span><span style=\"font-size: medium;\"><span style=\"color: #000000;\">Luftkur- und Erholungsorte zeugen von den durch <\/span><\/span><\/span><span style=\"font-size: medium;\"><span style=\"color: #000000;\"><span style=\"font-family: Arial;\">Gutachten belegten Elementen. <\/span><\/span><\/span><\/p>\n<p><strong><span style=\"color: #000000;\"><span style=\"font-family: Arial;\">Tiere und Pflanzen<\/span><\/span><\/strong><\/p>\n<p><strong><span style=\"color: #000000; font-family: Arial; font-size: medium;\">\u00a0<\/span><\/strong><span style=\"font-size: medium;\"><span style=\"color: #000000;\"><span style=\"font-family: Arial;\">Die Tierwelt der Rh\u00f6n entspricht im Wesentlichen der anderer deutscher Mittelgebirge. <\/span><\/span><\/span><span style=\"font-size: medium;\"><span style=\"color: #000000;\"><span style=\"font-family: Arial;\">Das Niederwild und das Kleinraubwild sind \u00fcberall vertreten. <\/span><\/span><\/span><span style=\"font-size: medium;\"><span style=\"color: #000000;\"><span style=\"font-family: Arial;\">Die klaren Gebirgsb\u00e4che rechnen zur Forellenregion. Neben dem Leitfisch, der Bachforelle, <\/span><\/span><\/span><span style=\"font-size: medium;\"><span style=\"color: #000000;\"><span style=\"font-family: Arial;\">kommt auch die \u00c4sche vor. Beide sind als Speisefisch sehr gesch\u00e4tzt. In vielen Lokalen <\/span><\/span><\/span><span style=\"font-size: medium;\"><span style=\"color: #000000;\"><span style=\"font-family: Arial;\">werden die in Teichen gez\u00fcchteten Regenbogenforellen als Rh\u00f6ner Spezialit\u00e4t angeboten. <\/span><\/span><\/span><\/p>\n<p><span style=\"font-size: medium;\"><span style=\"color: #000000;\"><span style=\"font-family: Arial;\">Die wechselvolle Landschaft f\u00f6rdert die Vogelvielfalt. An selteneren Arten br\u00fcten hier noch <\/span><\/span><\/span><span style=\"font-size: medium;\"><span style=\"color: #000000;\"><span style=\"font-family: Arial;\">der Graureiher und Greifv\u00f6gel wie Wespenbussard, Roter Milan, Turm- und Baumfalke.\u00a0 <\/span><\/span><\/span><span style=\"font-size: medium;\"><span style=\"color: #000000;\"><span style=\"font-family: Arial;\">Ums Rote Moor und auf der Langen Rh\u00f6n balzen noch die Birkh\u00e4hne. <\/span><\/span><\/span><\/p>\n<div id=\"attachment_90\" style=\"width: 2058px\" class=\"wp-caption alignnone\"><a href=\"http:\/\/ferien-rhoen.de\/landschaft-rhon\/imm020\/\" rel=\"attachment wp-att-90\"><img loading=\"lazy\" decoding=\"async\" aria-describedby=\"caption-attachment-90\" class=\" wp-image-90\" alt=\"imm020\" src=\"http:\/\/ferien-rhoen.de\/wp-content\/uploads\/2013\/03\/imm020.jpg\" width=\"2048\" height=\"1365\" srcset=\"https:\/\/ferien-rhoen.de\/wp-content\/uploads\/2013\/03\/imm020.jpg 2048w, https:\/\/ferien-rhoen.de\/wp-content\/uploads\/2013\/03\/imm020-300x199.jpg 300w, https:\/\/ferien-rhoen.de\/wp-content\/uploads\/2013\/03\/imm020-1024x682.jpg 1024w, https:\/\/ferien-rhoen.de\/wp-content\/uploads\/2013\/03\/imm020-600x399.jpg 600w, https:\/\/ferien-rhoen.de\/wp-content\/uploads\/2013\/03\/imm020-450x300.jpg 450w\" sizes=\"auto, (max-width: 2048px) 100vw, 2048px\" \/><\/a><p id=\"caption-attachment-90\" class=\"wp-caption-text\">Moorlandschaft<\/p><\/div>\n<p><span style=\"font-size: medium;\"><span style=\"color: #000000;\"><span style=\"font-family: Arial;\">Die Vegetation der Rh\u00f6n ist ebenfalls sehr vielf\u00e4ltig. Nur wenige Landschaften in Deutsch<\/span><\/span><\/span><span style=\"font-size: medium;\"><span style=\"color: #000000;\"><span style=\"font-family: Arial;\">land sind auf vergleichbarem Raum so reich an Pflanzenarten. Hieran haben vor allem die <\/span><\/span><\/span><span style=\"font-size: medium;\"><span style=\"color: #000000;\"><span style=\"font-family: Arial;\">wechselvollen Faktoren des Klimas und des Bodens wesentlichen Anteil. Sehenswert sind <\/span><\/span><\/span><span style=\"font-size: medium;\"><span style=\"color: #000000;\"><span style=\"font-family: Arial;\">auch die Rh\u00f6nhochmoore, die eine spezifische, teilweise noch aus der Eiszeit herr\u00fchrende, <\/span><\/span><\/span><span style=\"font-size: medium;\"><span style=\"color: #000000;\"><span style=\"font-family: Arial;\">Flora beherbergen. Hier wachsen Wollgras, Sonnentau, Moosbeere, verschiedene Heide<\/span><\/span><\/span><span style=\"font-size: medium;\"><span style=\"color: #000000;\"><span style=\"font-family: Arial;\">arten u.v.m.<\/span><\/span><\/span><\/p>\n<p><span style=\"font-size: medium;\"><span style=\"color: #000000;\"><span style=\"font-family: Arial;\">Vom Fr\u00fchjahr bis zum Fr\u00fchsommer entfalten die Bergwiesen ihre artenreiche Flora und er<\/span><\/span><\/span><span style=\"font-size: medium;\"><span style=\"color: #000000;\"><span style=\"font-family: Arial;\">innern damit manchen Besucher an Bilder, die ihm von Alpent\u00e4lern vertraut sind. Je nach <\/span><\/span><\/span><span style=\"font-size: medium;\"><span style=\"color: #000000;\"><span style=\"font-family: Arial;\">Nutzungsart, H\u00f6henlage und kleinklimatischen Einfl\u00fcssen ergeben sich unterschiedliche <\/span><\/span><\/span><span style=\"font-family: Arial;\"><span style=\"font-size: medium;\"><span style=\"color: #000000;\">Bl\u00fctezeiten.\u00a0 <\/span><\/span><span style=\"font-size: medium;\"><span style=\"color: #000000;\">Besonders hervorzuheben ist der Reichtum an Orchideenarten. Von den <\/span><\/span><\/span><span style=\"font-size: medium;\"><span style=\"color: #000000;\"><span style=\"font-family: Arial;\">Knabenkr\u00e4utern der feuchten Bergwiesen bis zum Frauenschuh im Buchenwald zeigt sich <\/span><\/span><\/span><span style=\"font-family: Arial;\"><span style=\"font-size: medium;\"><span style=\"color: #000000;\">das Jahr \u00fcber eine breite Palette farbenfroher Kostbarkeiten.\u00a0 <\/span><\/span><span style=\"font-size: medium;\"><span style=\"color: #000000;\">Dem steht jedoch die bunte <\/span><\/span><\/span><span style=\"font-size: medium;\"><span style=\"color: #000000;\"><span style=\"font-family: Arial;\">Pracht der W\u00e4lder im Herbst nicht nach.<\/span><\/span><\/span><span style=\"color: #000000; font-family: Arial; font-size: medium;\">\u00a0<\/span><\/p>\n<p><strong><span style=\"color: #000000;\"><span style=\"font-family: Arial;\">Geschichtliche Bemerkungen<\/span><\/span><\/strong><\/p>\n<p><span style=\"font-family: Arial;\"><span style=\"font-size: medium;\"><span style=\"color: #000000;\">Ebenso vielschichtig wie die Natur der Rh\u00f6n ist auch ihre Geschichte.\u00a0 <\/span><\/span><span style=\"font-size: medium;\"><span style=\"color: #000000;\">Wie H\u00fcgelgr\u00e4ber in der <\/span><\/span><\/span><span style=\"font-size: medium;\"><span style=\"color: #000000;\"><span style=\"font-family: Arial;\">Nordrh\u00f6n und im Raum um Mellrichstadt erkennen lassen, setzte die Besiedlung der Rh\u00f6n erst <\/span><\/span><\/span><span style=\"font-size: medium;\"><span style=\"color: #000000;\"><span style=\"font-family: Arial;\">in der Bronzezeit ( ca. 1800 v.Chr.) von den R\u00e4ndern her ein. Zeugnisse der vorchristlichen <\/span><\/span><\/span><span style=\"font-size: medium;\"><span style=\"color: #000000;\"><span style=\"font-family: Arial;\">Siedlungsphase sind die noch heute sichtbaren Ringw\u00e4lle (z.B. Milseburg, Habelstein, Kreuz<\/span><\/span><\/span><span style=\"font-size: medium;\"><span style=\"color: #000000;\"><span style=\"font-family: Arial;\">berg, Gangolfsberg, Stallberg).<\/span><\/span><\/span><\/p>\n<p><span style=\"font-size: medium;\"><span style=\"color: #000000;\"><span style=\"font-family: Arial;\">Die fr\u00e4nkische Landnahme der merowingisch-karolingischen Periode brachte erstmals eine <\/span><\/span><\/span><span style=\"font-size: medium;\"><span style=\"color: #000000;\"><span style=\"font-family: Arial;\">straffere Verwaltungsorganisation durch Gaueinteilung. Mit den Franken breitete sich auch <\/span><\/span><\/span><span style=\"font-size: medium;\"><span style=\"color: #000000;\"><span style=\"font-family: Arial;\">das Christentum st\u00e4rker aus. Kilian und Bonifatius wirkten hier, und die Kirche war dann auch <\/span><\/span><\/span><span style=\"font-size: medium;\"><span style=\"color: #000000;\"><span style=\"font-family: Arial;\">ma\u00dfgebend am fr\u00fchmittelalterlichen Landesausbau beteiligt. <\/span><\/span><\/span><\/p>\n<p><span style=\"font-size: medium;\"><span style=\"color: #000000;\"><span style=\"font-family: Arial;\">Die beiden geistlichen Herrschaften W\u00fcrzburg und Fulda bestimmten seit dem 8. Jh. ein Jahr<\/span><\/span><\/span><span style=\"font-size: medium;\"><span style=\"color: #000000;\"><span style=\"font-family: Arial;\">tausend lang die Geschicke der Rh\u00f6n, woran allerdings die zahlreichen Adelsfamilien, voran <\/span><\/span><\/span><span style=\"font-family: Arial;\"><span style=\"font-size: medium;\"><span style=\"color: #000000;\">die Henneberger, nicht unbetr\u00e4chtlichen Anteil hatten.\u00a0 <\/span><\/span><span style=\"font-size: medium;\"><span style=\"color: #000000;\">Reizende Schl\u00f6sser, trotzige Burgen <\/span><\/span><\/span><span style=\"font-size: medium;\"><span style=\"color: #000000;\"><span style=\"font-family: Arial;\">und verfallene Ruinen zeugen von ritterlichem Leben, aber auch von fehdelustigen Zeiten. <\/span><\/span><\/span><\/p>\n<p>&nbsp;<\/p>\n<div id=\"attachment_100\" style=\"width: 690px\" class=\"wp-caption alignnone\"><a href=\"http:\/\/ferien-rhoen.de\/landschaft-rhon\/schloss-011\/\" rel=\"attachment wp-att-100\"><img loading=\"lazy\" decoding=\"async\" aria-describedby=\"caption-attachment-100\" class=\"size-full wp-image-100\" alt=\"Schloss Fasanerie, sch\u00f6nstes Barockschloss Hessens\" src=\"http:\/\/ferien-rhoen.de\/wp-content\/uploads\/2013\/03\/schloss.011.jpeg\" width=\"680\" height=\"437\" srcset=\"https:\/\/ferien-rhoen.de\/wp-content\/uploads\/2013\/03\/schloss.011.jpeg 680w, https:\/\/ferien-rhoen.de\/wp-content\/uploads\/2013\/03\/schloss.011-300x192.jpeg 300w, https:\/\/ferien-rhoen.de\/wp-content\/uploads\/2013\/03\/schloss.011-600x385.jpeg 600w, https:\/\/ferien-rhoen.de\/wp-content\/uploads\/2013\/03\/schloss.011-466x300.jpeg 466w\" sizes=\"auto, (max-width: 680px) 100vw, 680px\" \/><\/a><p id=\"caption-attachment-100\" class=\"wp-caption-text\">Schloss Fasanerie, sch\u00f6nstes Barockschloss Hessens<\/p><\/div>\n<p><span style=\"font-size: medium;\"><span style=\"color: #000000;\"><span style=\"font-family: Arial;\">Die mittelalterliche W\u00fcstungsperiode zwischen 1350 und 1450 griff kr\u00e4ftig in die Siedlungs<\/span><\/span><\/span><span style=\"font-size: medium;\"><span style=\"color: #000000;\"><span style=\"font-family: Arial;\">struktur der Rh\u00f6n ein. Viele Orte waren menschenleer geworden , bis nach 1500 eine neue <\/span><\/span><\/span><span style=\"font-size: medium;\"><span style=\"color: #000000;\"><span style=\"font-family: Arial;\">Siedlungsphase einsetzte. Bis in die h\u00f6chsten Lagen der Wasserkuppe drangen damals <\/span><\/span><\/span><span style=\"font-size: medium;\"><span style=\"color: #000000;\"><span style=\"font-family: Arial;\">die rodenden Bauern vor. <\/span><\/span><\/span><\/p>\n<p><span style=\"font-size: medium;\"><span style=\"color: #000000;\"><span style=\"font-family: Arial;\">W\u00e4hrend des Drei\u00dfigj\u00e4hrigen Krieges erfolgte erneut ein R\u00fcckschlag in der Siedlungsent<\/span><\/span><\/span><span style=\"font-size: medium;\"><span style=\"color: #000000;\"><span style=\"font-family: Arial;\">wicklung. Ganze D\u00f6rfer, wie das Moordorf im Roten Moor, verschwanden damals. Die aus <\/span><\/span><\/span><span style=\"font-size: medium;\"><span style=\"color: #000000;\"><span style=\"font-family: Arial;\">dem Mittelalter \u00fcberkommenen Herrschaftsformen fanden mit der S\u00e4kularisation (1803) ihr <\/span><\/span><\/span><span style=\"font-size: medium;\"><span style=\"color: #000000;\"><span style=\"font-family: Arial;\">Ende. Zwar war 1816 fast die gesamte Rh\u00f6n bayerisch geworden, nach 1866 verliefen die <\/span><\/span><\/span><span style=\"font-size: medium;\"><span style=\"color: #000000;\"><span style=\"font-family: Arial;\">Landesgrenzen aber wieder \u00fcber die H\u00f6hen der Rh\u00f6n, die nun statt der alten Landschaften <\/span><\/span><\/span><span style=\"font-size: medium;\"><span style=\"color: #000000;\"><span style=\"font-family: Arial;\">Franken, Buchen und Henneberg jetzt die L\u00e4nder Bayern, Preu\u00dfen und Th\u00fcringen schieden. <\/span><\/span><\/span><\/p>\n<p><span style=\"font-size: medium;\"><span style=\"color: #000000;\"><span style=\"font-family: Arial;\">In j\u00fcngerer Zeit ver\u00e4nderten die Flurbereinigungen das Landschaftsbild betr\u00e4chtlich. Neue <\/span><\/span><\/span><span style=\"font-size: medium;\"><span style=\"color: #000000;\"><span style=\"font-family: Arial;\">Wegenetze, den Erfordernissen der modernen Landwirtschaft angepasst, durchziehen die <\/span><\/span><\/span><span style=\"font-size: medium;\"><span style=\"color: #000000;\"><span style=\"font-family: Arial;\">Landschaft und verbinden die Streusiedlungen, die in einigen Teilen der Rh\u00f6n seit der <\/span><\/span><\/span><span style=\"font-size: medium;\"><span style=\"color: #000000;\"><span style=\"font-family: Arial;\">Fr\u00fchneuzeit \u00fcblich sind. <\/span><\/span><\/span><\/p>\n<p><span style=\"font-family: Arial;\"><span style=\"font-size: medium;\"><span style=\"color: #000000;\">Seit 1991 sind die Grenzbefestigungen der ehemaligen DDR\u00a0 <\/span><\/span><span style=\"font-size: medium;\"><span style=\"color: #000000;\">gefallen. Die Nachteile einer <\/span><\/span><\/span><span style=\"font-size: medium;\"><span style=\"color: #000000;\"><span style=\"font-family: Arial;\">abgelegenen Randregion wurden damit aufgehoben. <\/span><\/span><\/span><\/p>\n<p><strong><span style=\"color: #000000;\"><span style=\"font-family: Arial;\"><a href=\"http:\/\/ferien-rhoen.de\/landschaft-rhon\/dscf0300\/\" rel=\"attachment wp-att-120\"><img loading=\"lazy\" decoding=\"async\" class=\"size-medium wp-image-120 alignright\" alt=\"DSCF0300\" src=\"http:\/\/ferien-rhoen.de\/wp-content\/uploads\/2013\/03\/DSCF0300-300x225.jpg\" width=\"300\" height=\"225\" srcset=\"https:\/\/ferien-rhoen.de\/wp-content\/uploads\/2013\/03\/DSCF0300-300x225.jpg 300w, https:\/\/ferien-rhoen.de\/wp-content\/uploads\/2013\/03\/DSCF0300-1024x768.jpg 1024w, https:\/\/ferien-rhoen.de\/wp-content\/uploads\/2013\/03\/DSCF0300-600x450.jpg 600w, https:\/\/ferien-rhoen.de\/wp-content\/uploads\/2013\/03\/DSCF0300-400x300.jpg 400w\" sizes=\"auto, (max-width: 300px) 100vw, 300px\" \/><\/a>Naturpark mit besonderer Note<\/span><\/span><\/strong><\/p>\n<p><span style=\"font-size: medium;\"><span style=\"color: #000000;\"><span style=\"font-family: Arial;\">Die geschilderten nat\u00fcrlichen Verh\u00e4ltnisse der Rh\u00f6n zeigen deutlich, dass ein solches Gebiet <\/span><\/span><\/span><span style=\"font-size: medium;\"><span style=\"color: #000000;\"><span style=\"font-family: Arial;\">durchaus berechtigt ist, gegen\u00fcber anderen Landschaften eine Sonderstellung einzunehmen. <\/span><\/span><\/span><span style=\"font-size: medium;\"><span style=\"color: #000000;\"><span style=\"font-family: Arial;\">Die Naturparkverwaltung betrachtet es als ihre Aufgaben, dem Wanderer alle Sehensw\u00fcrdig<\/span><\/span><\/span><span style=\"font-size: medium;\"><span style=\"color: #000000;\"><span style=\"font-family: Arial;\">keiten nahezubringen, ihn hierbei aber zu naturvertr\u00e4glichem Verhalten anzuleiten. Dazu sollen <\/span><\/span><\/span><span style=\"font-size: medium;\"><span style=\"color: #000000;\"><span style=\"font-family: Arial;\">verschiedene Lehrpfade beitragen.\u00a0 <\/span><\/span><\/span><\/p>\n<p><span style=\"font-size: medium;\"><span style=\"color: #000000;\"><span style=\"font-family: Arial;\">\u00dcber den &#8220; Hochrh\u00f6nring&#8220;, eine 40 km lange Autoausflugsstra\u00dfe, sind viele Sehensw\u00fcrdigkeiten gut zu erreichen. Von den dort verst\u00e4rkt angelegten Parkpl\u00e4tzen gehen jeweils bis zu vier Rundwanderwege aus, die auf Wegetafeln beschrieben sind.<\/span><\/span><\/span><\/p>\n<p><span style=\"font-size: medium;\"><span style=\"color: #000000;\"><span style=\"font-family: Arial;\"><img loading=\"lazy\" decoding=\"async\" class=\"size-medium wp-image-115 alignright\" alt=\"Rotes Moor (4)\" src=\"http:\/\/ferien-rhoen.de\/wp-content\/uploads\/2013\/03\/Rotes-Moor-4-300x199.jpg\" width=\"300\" height=\"199\" srcset=\"https:\/\/ferien-rhoen.de\/wp-content\/uploads\/2013\/03\/Rotes-Moor-4-300x199.jpg 300w, https:\/\/ferien-rhoen.de\/wp-content\/uploads\/2013\/03\/Rotes-Moor-4-1024x682.jpg 1024w, https:\/\/ferien-rhoen.de\/wp-content\/uploads\/2013\/03\/Rotes-Moor-4-600x399.jpg 600w, https:\/\/ferien-rhoen.de\/wp-content\/uploads\/2013\/03\/Rotes-Moor-4-450x300.jpg 450w, https:\/\/ferien-rhoen.de\/wp-content\/uploads\/2013\/03\/Rotes-Moor-4.jpg 1450w\" sizes=\"auto, (max-width: 300px) 100vw, 300px\" \/>Hier sind besonders der pr\u00e4historische Wanderpfad an der Milseburg und der geolo<\/span><\/span><\/span><span style=\"font-family: Arial;\"><span style=\"font-size: medium;\"><span style=\"color: #000000;\">gische Wanderpfad an der Wasserkuppe zu nennen.\u00a0 <\/span><\/span><span style=\"font-size: medium;\"><span style=\"color: #000000;\">Durch das Rote Moor, die Kaskaden<\/span><\/span><\/span><span style=\"font-size: medium;\"><span style=\"color: #000000;\"><span style=\"font-family: Arial;\">schlucht, den Birxgraben, um Wachtk\u00fcppel, Steinwand, Teufelstein, Ulmenstein und Kneshecke <\/span><\/span><\/span><span style=\"font-size: medium;\"><span style=\"color: #000000;\"><span style=\"font-family: Arial;\">sind gern begangene Rundwege angelegt worden, und historische St\u00e4tten (Burgpl\u00e4tze, Ruinen, <\/span><\/span><\/span><span style=\"font-size: medium;\"><span style=\"color: #000000;\"><span style=\"font-family: Arial;\">fr\u00fchere Dorfstellen) konnten zug\u00e4nglich gemacht werden.<\/span><\/span><\/span><\/p>\n<p><span style=\"font-size: medium;\"><span style=\"color: #000000;\"><span style=\"font-family: Arial;\">Fast 4 Millionen Euro sind inzwischen f\u00fcr alle diese Einrichtungen in das etwa 700 qkm gro\u00dfen <\/span><\/span><\/span><span style=\"font-size: medium;\"><span style=\"color: #000000;\"><span style=\"font-family: Arial;\">und gr\u00f6\u00dftenteils unter Landschaftsschutz stehende hessische Naturparkgebiet investiert <\/span><\/span><\/span><span style=\"font-size: medium;\"><span style=\"color: #000000;\"><span style=\"font-family: Arial;\">worden. Dass die Rh\u00f6n als Erholungsraum unabh\u00e4ngig von politischen Grenzen eine Einheit <\/span><\/span><\/span><span style=\"font-size: medium;\"><span style=\"color: #000000;\"><span style=\"font-family: Arial;\">bildet, kommt in der Zusammenarbeit zum Ausdruck. Die Naturparkverwaltungen verwenden <\/span><\/span><\/span><span style=\"font-size: medium;\"><span style=\"color: #000000;\"><span style=\"font-family: Arial;\">das gleiche Emblem (Silberdistel), und die Beschilderung erfolgt ebenfalls nach gleichen <\/span><\/span><\/span><span style=\"font-size: medium;\"><span style=\"color: #000000;\"><span style=\"font-family: Arial;\">Kriterien. <\/span><\/span><\/span><\/p>\n<p><span style=\"font-size: medium;\"><span style=\"color: #000000;\"><span style=\"font-family: Arial;\">Der Landschaftsschutz wird erg\u00e4nzt durch strenge Bestimmungen f\u00fcr Naturdenkm\u00e4ler und <\/span><\/span><\/span><span style=\"font-size: medium;\"><span style=\"color: #000000;\"><span style=\"font-family: Arial;\">Naturschutzgebiete. Meist sind alte oder seltene B\u00e4ume als Naturdenkm\u00e4ler ausgewiesen, <\/span><\/span><\/span><span style=\"font-size: medium;\"><span style=\"color: #000000;\"><span style=\"font-family: Arial;\">aber auch geologische Bildungen, Quellen und Planzenstandorte sind so gesch\u00fctzt.<\/span><\/span><\/span><\/p>\n<p><span style=\"font-size: medium;\"><span style=\"color: #000000;\"><span style=\"font-family: Arial;\">In der hessischen Rh\u00f6n sind der Teufelstein, die Kesselsteine bei Mosbach, die Buben<\/span><\/span><\/span><span style=\"font-size: medium;\"><span style=\"color: #000000;\"><span style=\"font-family: Arial;\">bacher Steine und der Wachtk\u00fcppel als beachtenswerte Felsformationen bemerkenswert. <\/span><\/span><\/span><span style=\"font-size: medium;\"><span style=\"color: #000000;\"><span style=\"font-family: Arial;\">Auch die vierhundertj\u00e4hrige Dorflinde in Harbach, knorrige Eichen, einzelstehende Hute<\/span><\/span><\/span><span style=\"font-size: medium;\"><span style=\"color: #000000;\"><span style=\"font-family: Arial;\">buchen und der Rest einer uralten Lindenallee sowie die Fuldaquelle und der Auenwald <\/span><\/span><\/span><span style=\"font-size: medium;\"><span style=\"color: #000000;\"><span style=\"font-family: Arial;\">des Birxgrabens sind aus einer Vielzahl herauszuheben. <\/span><\/span><\/span><\/p>\n<p><span style=\"font-size: medium;\"><span style=\"color: #000000;\"><span style=\"font-family: Arial;\">Gro\u00dffl\u00e4chig wurde der Schafstein (832 m) in der N\u00e4he der Wasserkuppe gesch\u00fctzt, der mit\u00a0 <\/span><\/span><\/span><span style=\"font-size: medium;\"><span style=\"color: #000000;\"><span style=\"font-family: Arial;\">15 ha sowohl aus geologischen Gr\u00fcnden als auch wegen seiner artenreichen Tier- und <\/span><\/span><\/span><span style=\"font-size: medium;\"><span style=\"color: #000000;\"><span style=\"font-family: Arial;\">Pflanzenwelt besticht. Seit Jahren wird der etwa 250-j\u00e4hrige Buchen- und Ahornbestand <\/span><\/span><\/span><span style=\"font-family: Arial;\"><span style=\"font-size: medium;\"><span style=\"color: #000000;\">nicht mehr genutzt, so dass sich die Vegetation urwaldartig entwickelt.\u00a0 <\/span><\/span><span style=\"font-size: medium;\"><span style=\"color: #000000;\">Auf die beiden <\/span><\/span><\/span><span style=\"font-size: medium;\"><span style=\"color: #000000;\"><span style=\"font-family: Arial;\">Basaltblockmeere, die sich bis zum Gipfel hinziehen, wurde schon hingewiesen. <\/span><\/span><\/span><\/p>\n<p><span style=\"font-size: medium;\"><span style=\"color: #000000;\"><span style=\"font-family: Arial;\">\u00c4hnlich ist es an der Milseburg ( 835m ). Auch hier ziehen sich Blockhalden bis zum Fu\u00df des <\/span><\/span><\/span><span style=\"font-size: medium;\"><span style=\"color: #000000;\"><span style=\"font-family: Arial;\">Berges hin, die am Westhang mit Urwald bewachsen sind. Das \u00fcbrige 40 ha gro\u00dfe Schutz<\/span><\/span><\/span><span style=\"font-size: medium;\"><span style=\"color: #000000;\"><span style=\"font-family: Arial;\">gebiet beherbergt eine sehr artenreiche montane Flora, wobei besonders die Vielzahl der <\/span><\/span><\/span><span style=\"font-size: medium;\"><span style=\"color: #000000;\"><span style=\"font-family: Arial;\">Flechten, Moose und Farne auffallen. <\/span><\/span><\/span><\/p>\n<p><span style=\"font-size: medium;\"><span style=\"color: #000000;\"><span style=\"font-family: Arial;\">Schon 1930 war der Kesselrain (um 800 m) bei W\u00fcstensachsen mit 31 ha gesichert worden, <\/span><\/span><\/span><span style=\"font-size: medium;\"><span style=\"color: #000000;\"><span style=\"font-family: Arial;\">denn der k\u00fchl-feuchte Standort eines Eschen-Ahorn-Schluchtwaldes, der stellenweise vom <\/span><\/span><\/span><span style=\"font-size: medium;\"><span style=\"color: #000000;\"><span style=\"font-family: Arial;\">bachbegleitenden Eschen-Erlenwald durchzogen wird, l\u00e4sst eine spezifische Bodenflora <\/span><\/span><\/span><span style=\"font-size: medium;\"><span style=\"color: #000000;\"><span style=\"font-family: Arial;\">gedeihen. <\/span><\/span><\/span><\/p>\n<p><span style=\"font-size: medium;\"><span style=\"color: #000000;\"><span style=\"font-family: Arial;\">Das Basaltblockmeer am Buchschirmk\u00fcppel tr\u00e4gt Reste eines Hutewaldes, einer alten <\/span><\/span><\/span><span style=\"font-size: medium;\"><span style=\"color: #000000;\"><span style=\"font-family: Arial;\">Bewirtschaftungsform in der Rh\u00f6n. Die breitkronigen B\u00e4ume stehen z.T. locker und werden <\/span><\/span><\/span><span style=\"font-size: medium;\"><span style=\"color: #000000;\"><span style=\"font-family: Arial;\">von Geb\u00fcschgruppen und Rasenfl\u00e4chen durchbrochen.<\/span><\/span><\/span><\/p>\n<p><span style=\"font-size: medium;\"><span style=\"color: #000000;\"><span style=\"font-family: Arial;\">Ein j\u00fcngeres Naturschutzgebiet ist die Oberbernhardser H\u00f6he. Es handelt sich hier um <\/span><\/span><\/span><span style=\"font-family: Arial;\"><span style=\"font-size: medium;\"><span style=\"color: #000000;\">eine ehemalige Viehweide mit vielen Wacholdern und vielf\u00e4ltiger\u00a0 <\/span><\/span><span style=\"font-size: medium;\"><span style=\"color: #000000;\">Kalkflora mit seltenen <\/span><\/span><\/span><span style=\"font-size: medium;\"><span style=\"color: #000000;\"><span style=\"font-family: Arial;\">Arten. Schlie\u00dflich sind noch Stallberg (522 m) und Morsberg (466 m) zu erw\u00e4hnen, die <\/span><\/span><\/span><span style=\"font-size: medium;\"><span style=\"color: #000000;\"><span style=\"font-family: Arial;\">in der Kuppenrh\u00f6n bei H\u00fcnfeld liegen. <\/span><\/span><\/span><\/p>\n<p style=\"text-align: right;\"><span style=\"font-size: medium;\"><span style=\"color: #000000;\"><span style=\"font-family: Arial;\"><a href=\"http:\/\/ferien-rhoen.de\/landschaft-rhon\/rotes-moor-2\/\" rel=\"attachment wp-att-114\"><img loading=\"lazy\" decoding=\"async\" class=\"size-medium wp-image-114 alignright\" alt=\"Rotes Moor (2)\" src=\"http:\/\/ferien-rhoen.de\/wp-content\/uploads\/2013\/03\/Rotes-Moor-2-300x199.jpg\" width=\"300\" height=\"199\" srcset=\"https:\/\/ferien-rhoen.de\/wp-content\/uploads\/2013\/03\/Rotes-Moor-2-300x199.jpg 300w, https:\/\/ferien-rhoen.de\/wp-content\/uploads\/2013\/03\/Rotes-Moor-2-1024x682.jpg 1024w, https:\/\/ferien-rhoen.de\/wp-content\/uploads\/2013\/03\/Rotes-Moor-2-600x399.jpg 600w, https:\/\/ferien-rhoen.de\/wp-content\/uploads\/2013\/03\/Rotes-Moor-2-450x300.jpg 450w, https:\/\/ferien-rhoen.de\/wp-content\/uploads\/2013\/03\/Rotes-Moor-2.jpg 1450w\" sizes=\"auto, (max-width: 300px) 100vw, 300px\" \/><\/a>Eine v\u00f6llig andere Art von Schutzgebieten stellen die Rh\u00f6nmoore dar. Das mit 60 ha <\/span><\/span><\/span><span style=\"font-size: medium;\"><span style=\"color: #000000;\"><span style=\"font-family: Arial;\">gr\u00f6\u00dfte ist das Schwarze Moor auf der Langen Rh\u00f6n. Etwas kleiner (40 ha gro\u00df) ist das <\/span><\/span><\/span><span style=\"font-size: medium;\"><span style=\"color: #000000;\"><span style=\"font-family: Arial;\">Rote Moor und relativ klein sind das Gro\u00dfe und das Kleine Moor, die auch beide auf <\/span><\/span><\/span><span style=\"font-size: medium;\"><span style=\"color: #000000;\"><span style=\"font-family: Arial;\">der Langen Rh\u00f6n liegen. Allen diesen Mooren ist gemeinsam, dass sie Hochmoore sind, <\/span><\/span><\/span><span style=\"font-size: medium;\"><span style=\"color: #000000;\"><span style=\"font-family: Arial;\">was bedeutet, dass sie uhrglasf\u00f6rmig gew\u00f6lbt und in der Mitte am h\u00f6chsten sind. Nach <\/span><\/span><\/span><span style=\"font-size: medium;\"><span style=\"color: #000000;\"><span style=\"font-family: Arial;\">der Eiszeit, also vor mehr als zehntausend Jahren entstanden, beherbergen sie eine <\/span><\/span><\/span><span style=\"font-size: medium;\"><span style=\"color: #000000;\"><span style=\"font-family: Arial;\">v\u00f6llig andersartige Pflanzenwelt, als sie in den anderen Schutzgebieten zu finden ist. <\/span><\/span><\/span><span style=\"font-size: medium;\"><span style=\"color: #000000;\"><span style=\"font-family: Arial;\">In ihrer Urt\u00fcmlichkeit erinnern sie an die einsamen Tundren Nordeuropas. <\/span><\/span><\/span><\/p>\n<p><span style=\"font-size: medium;\"><span style=\"color: #000000;\"><span style=\"font-family: Arial;\">Auch ist die gesamte Lange Rh\u00f6n mit rd. 2.600 ha zu einem der gr\u00f6\u00dften Naturschutz-<\/span><\/span><\/span><span style=\"font-size: medium;\"><span style=\"color: #000000;\"><span style=\"font-family: Arial;\">gebiete Bayerns erkl\u00e4rt worden. Man will damit erreichen, dass der wohl eigenartigste <\/span><\/span><\/span><span style=\"font-size: medium;\"><span style=\"color: #000000;\"><span style=\"font-family: Arial;\">Rh\u00f6nteil mit seinen endlos scheinenden, sanft gewellten Hochfl\u00e4chen so erhalten bleibt,<\/span><\/span><\/span><span style=\"font-size: medium;\"><span style=\"color: #000000;\"><span style=\"font-family: Arial;\">wie er jahrhundertelang durch die M\u00e4hwirtschaft gepr\u00e4gt worden ist. Hier liegen auch die <\/span><\/span><\/span><span style=\"font-size: medium;\"><span style=\"color: #000000;\"><span style=\"font-family: Arial;\">Balzpl\u00e4tze des selten gewordenen Birkwildes, weswegen die Besucher die Wander<\/span><\/span><\/span><span style=\"font-size: medium;\"><span style=\"color: #000000;\"><span style=\"font-family: Arial;\">wege nicht verlassen d\u00fcrfen. <\/span><\/span><\/span><\/p>\n<p><strong><span style=\"color: #000000;\"><span style=\"font-family: Arial;\">Lebensweisen<\/span><\/span><\/strong><\/p>\n<p><span style=\"font-size: medium;\"><span style=\"color: #000000;\"><span style=\"font-family: Arial;\">Nachdem die Bauern das Vegetationsbild bis zur v\u00f6lligen Entwaldung im 18. Jahrhundert <\/span><\/span><\/span><span style=\"font-size: medium;\"><span style=\"color: #000000;\"><span style=\"font-family: Arial;\">ver\u00e4ndert hatten, f\u00fchrten Klimaver\u00e4nderungen, Epidemien und Kriegshandlungen seit der <\/span><\/span><\/span><span style=\"font-size: medium;\"><span style=\"color: #000000;\"><span style=\"font-family: Arial;\">fr\u00fchen Neuzeit zu einer steten Verarmung der Bev\u00f6lkerung. Die einsetzende Industriali<\/span><\/span><\/span><span style=\"font-size: medium;\"><span style=\"color: #000000;\"><span style=\"font-family: Arial;\">sierung zerst\u00f6rte die bodenst\u00e4ndige Hausweberei und schuf einen neuen H\u00f6hepunkt <\/span><\/span><\/span><span style=\"font-size: medium;\"><span style=\"color: #000000;\"><span style=\"font-family: Arial;\">der Verelendung. Nur die Auswanderung in die Industriegebiete und nach Amerika ver<\/span><\/span><\/span><span style=\"font-size: medium;\"><span style=\"color: #000000;\"><span style=\"font-family: Arial;\">sprachen der Rh\u00f6nbev\u00f6lkerung einen Ausweg aus schwerer Lage. Verantwortungsbe<\/span><\/span><\/span><span style=\"font-size: medium;\"><span style=\"color: #000000;\"><span style=\"font-family: Arial;\">wu\u00dfte M\u00e4nner um den Mediziner Justus Schneider gr\u00fcndeten 1876 den Rh\u00f6nklub als <\/span><\/span><\/span><span style=\"font-family: Arial;\"><span style=\"font-size: medium;\"><span style=\"color: #000000;\">einen Heimatverein mit dem Ziel, die Infrastruktur der Rh\u00f6n zu f\u00f6rdern.\u00a0 <\/span><\/span><span style=\"font-size: medium;\"><span style=\"color: #000000;\">Dem Rh\u00f6ner ist <\/span><\/span><\/span><span style=\"font-size: medium;\"><span style=\"color: #000000;\"><span style=\"font-family: Arial;\">nichts geschenkt worden, aber er hat sich behauptet, und er versteht es, sich \u00fcberall\u00a0 <\/span><\/span><\/span><span style=\"font-size: medium;\"><span style=\"color: #000000;\"><span style=\"font-family: Arial;\">zurechtzufinden. Er ist ein z\u00e4her Schlag, arbeitsam und realistisch. Kleinbauern waren sie <\/span><\/span><\/span><span style=\"font-size: medium;\"><span style=\"color: #000000;\"><span style=\"font-family: Arial;\">und sind sie auch heute noch. <\/span><\/span><\/span><\/p>\n<p><span style=\"font-size: medium;\"><span style=\"color: #000000;\"><span style=\"font-family: Arial;\">Der Rh\u00f6ner ist zur\u00fcckhaltend, doch wer ihm zugetan ist, dem erschlie\u00dft er sich gerne und <\/span><\/span><\/span><span style=\"font-size: medium;\"><span style=\"color: #000000;\"><span style=\"font-family: Arial;\">wird bei seinem heiteren und frohen Gem\u00fct zum liebensw\u00fcrdigen Gespr\u00e4chspartner. <\/span><\/span><\/span><\/p>\n<p><span style=\"font-size: medium;\"><span style=\"color: #000000;\"><span style=\"font-family: Arial;\">Schon 1803 schreibt der W\u00fcrzburger Theologe F.A. J\u00e4ger, dass der meist gro\u00dfgewachsene <\/span><\/span><\/span><span style=\"font-size: medium;\"><span style=\"color: #000000;\"><span style=\"font-family: Arial;\">Rh\u00f6ner im allgemeinen offenherzig und gutm\u00fctig sei. <\/span><\/span><\/span><span style=\"font-size: medium;\"><span style=\"color: #000000;\"><span style=\"font-family: Arial;\">Mit der Naturverbundenheit geht die Gl\u00e4ubigkeit einher. Kirchliche Tradition wird besonders<\/span><\/span><\/span><span style=\"font-size: medium;\"><span style=\"color: #000000;\"><span style=\"font-family: Arial;\">gepflegt. Kirchen und Kl\u00f6ster, Madonnen und Br\u00fcckenheilige, Bildst\u00f6cke und Feldkreuze <\/span><\/span><\/span><span style=\"font-size: medium;\"><span style=\"color: #000000;\"><span style=\"font-family: Arial;\">sind \u00fcberall zu finden. <\/span><\/span><\/span><\/p>\n<p><span style=\"font-size: medium;\"><span style=\"color: #000000;\"><span style=\"font-family: Arial;\">Immer haben die Rh\u00f6ner von wohlschmeckender einfacher und derber Kost gelebt, Obst- <\/span><\/span><\/span><span style=\"font-size: medium;\"><span style=\"color: #000000;\"><span style=\"font-family: Arial;\">und Kartoffelschnaps als Zugabe. Er ist ein leidenschaftlicher Brotesser. Ein Butterbrot <\/span><\/span><\/span><span style=\"font-size: medium;\"><span style=\"color: #000000;\"><span style=\"font-family: Arial;\">verschm\u00e4ht er, wenn er die Wurst vom St\u00fcck schneiden und zum trockenen Brot essen <\/span><\/span><\/span><span style=\"font-size: medium;\"><span style=\"color: #000000;\"><span style=\"font-family: Arial;\">kann. Heute sind Rh\u00f6ner Wurst und Rh\u00f6ner Brot als besonders wohlschmeckend weit <\/span><\/span><\/span><span style=\"font-size: medium;\"><span style=\"color: #000000;\"><span style=\"font-family: Arial;\">bekannt. Auch heute noch wird in manchen Ortschaften das Brot in alten Back\u00f6fen selbst <\/span><\/span><\/span><span style=\"font-size: medium;\"><span style=\"color: #000000;\"><span style=\"font-family: Arial;\">gebacken; eine Delikatesse. <\/span><\/span><\/span><\/p>\n<p><span style=\"font-size: medium;\"><span style=\"color: #000000;\"><span style=\"font-family: Arial;\">Ebenso vorz\u00fcglich ist der Frankenwein aus den Seitent\u00e4lern der Fr\u00e4nkischen Saale. <\/span><\/span><\/span><span style=\"font-size: medium;\"><span style=\"color: #000000;\"><span style=\"font-family: Arial;\">Ein hervorragender Tropfen, der in den Weinstuben aus Bocksbeuteln ausgeschenkt <\/span><\/span><\/span><span style=\"font-family: Arial;\"><span style=\"font-size: medium;\"><span style=\"color: #000000;\">wird. Sowohl bei\u00a0 <\/span><\/span><span style=\"font-size: medium;\"><span style=\"color: #000000;\">Goethe, Liszt und Wagner als auch beim englischen K\u00f6nigshaus ist <\/span><\/span><\/span><span style=\"font-family: Arial;\"><span style=\"font-size: medium;\"><span style=\"color: #000000;\">der Frankenwein ein guter Bekannter. Als besonderes Hobby wird der\u00a0 <\/span><\/span><span style=\"font-size: medium;\"><span style=\"color: #000000;\">Wein in der <\/span><\/span><\/span><span style=\"font-size: medium;\"><span style=\"color: #000000;\"><span style=\"font-family: Arial;\">Region zu einem gro\u00dfen Teil selbst getrunken. Man findet ihn auf jeder Karte. <\/span><\/span><\/span><\/p>\n<p><span style=\"font-size: medium;\"><span style=\"color: #000000;\"><span style=\"font-family: Arial;\">Ebenso beliebt ist ein herzhaftes Bier. Besonders zu nennen ist hier das &#8222;Kreuzberg&#8220;, <\/span><\/span><\/span><span style=\"font-family: Arial;\"><span style=\"font-size: medium;\"><span style=\"color: #000000;\">ein dunkles Bier, gebraut von den M\u00f6nchen\u00a0 <\/span><\/span><span style=\"font-size: medium;\"><span style=\"color: #000000;\">auf dem Kreuzberg, dem heiligen Berg <\/span><\/span><\/span><span style=\"font-size: medium;\"><span style=\"color: #000000;\"><span style=\"font-family: Arial;\">der Franken. <\/span><\/span><\/span><\/p>\n<p><strong><span style=\"color: #000000;\"><span style=\"font-family: Arial;\"><a href=\"http:\/\/ferien-rhoen.de\/landschaft-rhon\/lift11\/\" rel=\"attachment wp-att-95\"><img loading=\"lazy\" decoding=\"async\" class=\"size-medium wp-image-95 alignright\" alt=\"lift1[1]\" src=\"http:\/\/ferien-rhoen.de\/wp-content\/uploads\/2013\/03\/lift11-300x206.jpeg\" width=\"300\" height=\"206\" srcset=\"https:\/\/ferien-rhoen.de\/wp-content\/uploads\/2013\/03\/lift11-300x206.jpeg 300w, https:\/\/ferien-rhoen.de\/wp-content\/uploads\/2013\/03\/lift11.jpeg 315w\" sizes=\"auto, (max-width: 300px) 100vw, 300px\" \/><\/a>Die Rh\u00f6n im Winter<\/span><\/span><\/strong><\/p>\n<p><span style=\"font-size: medium;\"><span style=\"color: #000000;\"><span style=\"font-family: Arial;\">Auch im Winter ist die Rh\u00f6n attraktiv. Abfahrtslauf, Skiwandern und Schneelaufen auf <\/span><\/span><\/span><span style=\"font-size: medium;\"><span style=\"color: #000000;\"><span style=\"font-family: Arial;\">pr\u00e4parierten Loipen und Wanderwegen haben sich in der hessischen und bayerischen <\/span><\/span><\/span><span style=\"font-size: medium;\"><span style=\"color: #000000;\"><span style=\"font-family: Arial;\">Rh\u00f6n in den letzten Jahren betr\u00e4chtlich entwickelt. Gerade in der wei\u00dfen Jahreszeit <\/span><\/span><\/span><span style=\"font-size: medium;\"><span style=\"color: #000000;\"><span style=\"font-family: Arial;\">zeigt sich die winterliche Hochrh\u00f6n mit ihrer weiten bizarren Landschaft von der <\/span><\/span><\/span><span style=\"font-size: medium;\"><span style=\"color: #000000;\"><span style=\"font-family: Arial;\">sch\u00f6nsten Seite. Stimmungsvolle Bilder tun sich dem Wintersportler und Schnee-<\/span><\/span><\/span><span style=\"font-size: medium;\"><span style=\"color: #000000;\"><span style=\"font-family: Arial;\">wanderer auf, wenn er sich durch die m\u00e4rchenhafte Winterromantik nicht allt\u00e4glicher <\/span><\/span><\/span><span style=\"font-size: medium;\"><span style=\"color: #000000;\"><span style=\"font-family: Arial;\">Bergwelt bewegt. <\/span><\/span><\/span><\/p>\n<p><span style=\"font-size: medium;\"><span style=\"color: #000000;\"><span style=\"font-family: Arial;\">In den Orten rund um die Wasserkuppe, den Kreuzberg, den Heidelstein, den Simmels<\/span><\/span><\/span><span style=\"font-family: Arial;\"><span style=\"font-size: medium;\"><span style=\"color: #000000;\">berg ist man gut auf Winterurlauber vorbereitet.\u00a0 <\/span><\/span><span style=\"font-size: medium;\"><span style=\"color: #000000;\">Schlepp- und Sessellifte, zum Teil <\/span><\/span><\/span><span style=\"font-size: medium;\"><span style=\"color: #000000;\"><span style=\"font-family: Arial;\">mit Flutlichtanlagen, bringen die Freunde des wei\u00dfen Sports auf die Berge der Rh\u00f6n. <\/span><\/span><\/span><span style=\"font-family: Arial;\"><span style=\"font-size: medium;\"><span style=\"color: #000000;\"><a href=\"http:\/\/ferien-rhoen.de\/ferienhauser-wohnungen\/winter-wasserkuppe\/\" rel=\"attachment wp-att-146\"><img loading=\"lazy\" decoding=\"async\" class=\"alignnone size-full wp-image-146\" alt=\"Winter Wasserkuppe\" src=\"http:\/\/ferien-rhoen.de\/wp-content\/uploads\/2013\/03\/Winter-Wasserkuppe.jpg\" width=\"640\" height=\"480\" srcset=\"https:\/\/ferien-rhoen.de\/wp-content\/uploads\/2013\/03\/Winter-Wasserkuppe.jpg 640w, https:\/\/ferien-rhoen.de\/wp-content\/uploads\/2013\/03\/Winter-Wasserkuppe-300x225.jpg 300w, https:\/\/ferien-rhoen.de\/wp-content\/uploads\/2013\/03\/Winter-Wasserkuppe-600x450.jpg 600w, https:\/\/ferien-rhoen.de\/wp-content\/uploads\/2013\/03\/Winter-Wasserkuppe-400x300.jpg 400w\" sizes=\"auto, (max-width: 640px) 100vw, 640px\" \/><\/a>Abfahrten\u00a0 <\/span><\/span><span style=\"color: #000000; font-size: medium;\">(bis 1.000 Meter lang) mit unterschiedlichen<\/span><span style=\"color: #000000; font-size: medium;\">\u00a0 <\/span><span style=\"font-size: medium;\"><span style=\"color: #000000;\">H\u00f6henunterschieden erm\u00f6g-<\/span><\/span><\/span><span style=\"font-family: Arial;\"><span style=\"font-size: medium;\"><span style=\"color: #000000;\">lichen der ganzen Familie eine Wahl nach Leistungsstandard.\u00a0\u00a0 <\/span><\/span><span style=\"font-size: medium;\"><span style=\"color: #000000;\">Auf beinbruchver<\/span><\/span><\/span><span style=\"font-size: medium;\"><span style=\"color: #000000;\"><span style=\"font-family: Arial;\">d\u00e4chtige Steilabfahrten jenseits der Tausend-Meter-Grenze verzichtet die Rh\u00f6n <\/span><\/span><\/span><span style=\"font-family: Arial;\"><span style=\"font-size: medium;\"><span style=\"color: #000000;\">liebend gern. Hier h\u00e4lt man es mit der goldenen Mitte.\u00a0 <\/span><\/span><span style=\"font-size: medium;\"><span style=\"color: #000000;\">Spielend gew\u00f6hnen sich die <\/span><\/span><\/span><span style=\"font-size: medium;\"><span style=\"color: #000000;\"><span style=\"font-family: Arial;\">Kleinsten ans &#8222;Gleiten auf Schneeschuhen&#8220;. Mit Rodeln, Pferdeschlittenfahrten, Reiten <\/span><\/span><\/span><span style=\"font-size: medium;\"><span style=\"color: #000000;\"><span style=\"font-family: Arial;\">im Schnee, Eiskegeln oder Eisstockschie\u00dfen kommt auch der &#8222;gem\u00e4\u00dfigte&#8220; Winter<\/span><\/span><\/span><span style=\"font-size: medium;\"><span style=\"color: #000000;\"><span style=\"font-family: Arial;\">urlauber im Einklang von Landschaft, Luft und Schnee auf seine Kosten. <\/span><\/span><\/span><\/p>\n<p><span style=\"font-family: Arial;\"><span style=\"font-size: medium;\"><span style=\"color: #000000;\">Fest steht, dass Wandern in kristallklarer Waldluft\u00a0 <\/span><\/span><span style=\"font-size: medium;\"><span style=\"color: #000000;\">K\u00f6rper und Geist in Schwung bringt, <\/span><\/span><\/span><span style=\"font-size: medium;\"><span style=\"color: #000000;\"><span style=\"font-family: Arial;\">den Kreislauf anregt und Appetit auf die gute Rh\u00f6nk\u00fcche bringt. <\/span><\/span><\/span><\/p>\n<p><span style=\"font-size: medium;\"><span style=\"color: #000000;\"><span style=\"font-family: Arial;\">Hier darf sich der Wanderer auch noch solchen Stimmungen anvertrauen, in denen <\/span><\/span><\/span><span style=\"font-size: medium;\"><span style=\"color: #000000;\"><span style=\"font-family: Arial;\">der Wunsch nach Stille und Geborgenheit, nach Besinnung und Erholung noch seine <\/span><\/span><\/span><span style=\"font-size: medium;\"><span style=\"color: #000000;\"><span style=\"font-family: Arial;\">Erf\u00fcllung findet.<\/span><\/span><\/span><\/p>\n<p><strong><span style=\"color: #000000;\"><span style=\"font-family: Arial;\">UNESCO &#8211; Biosph\u00e4renreservat Rh\u00f6n<\/span><\/span><\/strong><\/p>\n<p><span style=\"font-size: medium;\"><span style=\"color: #000000;\"><span style=\"font-family: Arial;\">Ein einzigartiger Naturraum in der Mitte Deutschlands, die Rh\u00f6n, ist von der UNESCO <\/span><\/span><\/span><span style=\"font-size: medium;\"><span style=\"color: #000000;\"><span style=\"font-family: Arial;\">aufgrund ihrer biologischen Vielfalt und ihres \u00f6kologischen Wertes als Biosph\u00e4ren-<\/span><\/span><\/span><span style=\"font-family: Arial;\"><span style=\"font-size: medium;\"><span style=\"color: #000000;\">reservat international anerkannt worden.\u00a0 <\/span><\/span><span style=\"font-size: medium;\"><span style=\"color: #000000;\">Das Biosph\u00e4renreservat Rh\u00f6n erstreckt sich <\/span><\/span><\/span><span style=\"font-size: medium;\"><span style=\"color: #000000;\"><span style=\"font-family: Arial;\">mit einer Gesamtfl\u00e4che von 132.000 ha \u00fcber die drei Bundesl\u00e4nder <\/span><\/span><\/span><\/p>\n<p><span style=\"color: #000000; font-family: Arial; font-size: medium;\">\u00a0<\/span><span style=\"font-family: Arial;\"><span style=\"color: #000000; font-size: medium;\">\u00a0\u00a0\u00a0\u00a0 <\/span><span style=\"color: #000000; font-size: medium;\">Bayern<\/span><span style=\"color: #000000; font-size: medium;\">\u00a0\u00a0\u00a0\u00a0\u00a0\u00a0\u00a0 <\/span><span style=\"font-size: medium;\"><span style=\"color: #000000;\">31.500 ha<\/span><\/span><\/span><span style=\"font-family: Arial;\"><span style=\"color: #000000; font-size: medium;\">\u00a0\u00a0\u00a0\u00a0\u00a0\u00a0\u00a0\u00a0\u00a0 <\/span><span style=\"color: #000000; font-size: medium;\">Hessen<\/span><span style=\"color: #000000; font-size: medium;\">\u00a0\u00a0\u00a0\u00a0\u00a0\u00a0 <\/span><span style=\"font-size: medium;\"><span style=\"color: #000000;\">50.800 ha\u00a0\u00a0\u00a0\u00a0\u00a0\u00a0\u00a0 <\/span><\/span><\/span><span style=\"font-family: Arial;\"><span style=\"color: #000000; font-size: medium;\">\u00a0<\/span><span style=\"color: #000000; font-size: medium;\">Th\u00fcringen<\/span><span style=\"color: #000000; font-size: medium;\">\u00a0\u00a0 <\/span><span style=\"font-size: medium;\"><span style=\"color: #000000;\">50.300 ha<\/span><\/span><\/span><\/p>\n<p><span style=\"font-size: medium;\"><span style=\"color: #000000;\"><span style=\"font-family: Arial;\">und umfasst weitgehend die gesamte naturr\u00e4umliche Einheit Rh\u00f6n. <\/span><\/span><\/span><\/p>\n<p><span style=\"font-family: Arial;\"><span style=\"font-size: medium;\"><span style=\"color: #000000;\">Die Rh\u00f6n als &#8222;<i><strong>Land der offenen Fernen<\/strong><\/i><\/span><\/span><span style=\"font-size: medium;\"><span style=\"color: #000000;\">&#8220; entspricht als herausragende Kulturlandschaft <\/span><\/span><\/span><span style=\"font-size: medium;\"><span style=\"color: #000000;\"><span style=\"font-family: Arial;\">den UNESCO-Kriterien f\u00fcr Biosph\u00e4renreservate besonders gut. Die Mittelgebirgsland<\/span><\/span><\/span><span style=\"font-size: medium;\"><span style=\"color: #000000;\"><span style=\"font-family: Arial;\">schaft wird gepr\u00e4gt von artenreichen, bunten Wiesen, urigen montanen W\u00e4ldern und <\/span><\/span><\/span><span style=\"font-size: medium;\"><span style=\"color: #000000;\"><span style=\"font-family: Arial;\">naturnahen Quellen- und Bachsystemen. In diesen weitgehend intakten Lebensr\u00e4umen <\/span><\/span><\/span><span style=\"font-size: medium;\"><span style=\"color: #000000;\"><span style=\"font-family: Arial;\">lebt noch eine Vielzahl von Pflanzen und Tieren, die andernorts bereits verschwunden <\/span><\/span><\/span><span style=\"font-family: Arial;\"><span style=\"font-size: medium;\"><span style=\"color: #000000;\">sind.\u00a0 <\/span><\/span><span style=\"font-size: medium;\"><span style=\"color: #000000;\">Das Biosph\u00e4renreservat Rh\u00f6n soll als &#8222;Modellregion&#8220; beispielhaft f\u00fcr andere <\/span><\/span><\/span><span style=\"font-size: medium;\"><span style=\"color: #000000;\"><span style=\"font-family: Arial;\">Mittelgebirge erhalten und entwickelt werden. <\/span><\/span><\/span><\/p>\n<p><strong><span style=\"color: #000000;\"><span style=\"font-family: Arial;\">Ferienland Rh\u00f6n<\/span><\/span><\/strong><\/p>\n<p><span style=\"font-size: medium;\"><span style=\"color: #000000;\"><span style=\"font-family: Arial;\">Bevorzugt wird die Rh\u00f6n von naturverbundenen Menschen und Familien. Die Rh\u00f6n kennt <\/span><\/span><\/span><span style=\"font-size: medium;\"><span style=\"color: #000000;\"><span style=\"font-family: Arial;\">praktisch keine Saison; sie bietet dem Besucher zu jeder Jahreszeit Erholung und M\u00f6g<\/span><\/span><\/span><span style=\"font-size: medium;\"><span style=\"color: #000000;\"><span style=\"font-family: Arial;\">lichkeiten der Bet\u00e4tigung. Da der Naturpark auch verkehrsm\u00e4\u00dfig bequem erreichbar ist, <\/span><\/span><\/span><span style=\"font-size: medium;\"><span style=\"color: #000000;\"><span style=\"font-family: Arial;\">hat er viele Freunde, die ihm die Treue halten; ganz gleich, ob sie Wanderer, Segel- <\/span><\/span><\/span><span style=\"font-size: medium;\"><span style=\"color: #000000;\"><span style=\"font-family: Arial;\">und Drachenflieger oder Wintersportler sind. <\/span><\/span><\/span><\/p>\n<p><span style=\"font-size: medium;\"><span style=\"color: #000000;\"><span style=\"font-family: Arial;\">Beim Anblick der gro\u00dfartigen, vielfach parkartigen Landschaft wird von den G\u00e4sten immer <\/span><\/span><\/span><span style=\"font-size: medium;\"><span style=\"color: #000000;\"><span style=\"font-family: Arial;\">wieder best\u00e4tigt: &#8222;Die Rh\u00f6n ist sch\u00f6n&#8220;. <\/span><\/span><\/span><\/p>\n<p><span style=\"font-size: medium;\"><span style=\"color: #000000;\"><span style=\"font-family: Arial;\">Auf der Suche nach Ferienerlebnissen finden Alt und Jung ihr Vergn\u00fcgen. <\/span><\/span><\/span><span style=\"font-size: medium;\"><span style=\"color: #000000;\"><span style=\"font-family: Arial;\">Das Angebot in der Rh\u00f6n ist immens: Tennis, Segelfliegen, Drachenfliegen, Gleitfliegen, <\/span><\/span><\/span><span style=\"font-size: medium;\"><span style=\"color: #000000;\"><span style=\"font-family: Arial;\">Golf, Minigolf, Klettern, Reiten, Angeln, Wandern, Radwandern, Rutschbahnen, Kegeln, <\/span><\/span><\/span><span style=\"font-size: medium;\"><span style=\"color: #000000;\"><span style=\"font-family: Arial;\">Planwagenfahrten, Bootsfahrten, Eislaufen und Rodeln, Ski- und Langlauf, Hobbykurse,<\/span><\/span><\/span><\/p>\n<p><span style=\"font-size: medium;\"><span style=\"color: #000000;\"><span style=\"font-family: Arial;\"> <a href=\"http:\/\/ferien-rhoen.de\/landschaft-rhon\/suedhang_soaring\/\" rel=\"attachment wp-att-116\"><img loading=\"lazy\" decoding=\"async\" class=\"alignnone size-full wp-image-116\" alt=\"suedhang_soaring\" src=\"http:\/\/ferien-rhoen.de\/wp-content\/uploads\/2013\/03\/suedhang_soaring.jpg\" width=\"2676\" height=\"1822\" srcset=\"https:\/\/ferien-rhoen.de\/wp-content\/uploads\/2013\/03\/suedhang_soaring.jpg 2676w, https:\/\/ferien-rhoen.de\/wp-content\/uploads\/2013\/03\/suedhang_soaring-300x204.jpg 300w, https:\/\/ferien-rhoen.de\/wp-content\/uploads\/2013\/03\/suedhang_soaring-1024x697.jpg 1024w, https:\/\/ferien-rhoen.de\/wp-content\/uploads\/2013\/03\/suedhang_soaring-600x408.jpg 600w, https:\/\/ferien-rhoen.de\/wp-content\/uploads\/2013\/03\/suedhang_soaring-440x300.jpg 440w\" sizes=\"auto, (max-width: 2676px) 100vw, 2676px\" \/><\/a><\/span><\/span><\/span><\/p>\n<p><span style=\"font-size: medium;\"><span style=\"color: #000000;\"><span style=\"font-family: Arial;\">Sehenswertes und Kulturelles, Spiel und Spa\u00df, Holzschnitzen, Rh\u00f6ner Trachten, Heimat<\/span><\/span><\/span><span style=\"font-size: medium;\"><span style=\"color: #000000;\"><span style=\"font-family: Arial;\">abende, Dia- und Filmabende, Museumsbesuche, Kulturveranstaltungen in Fulda, Bikertreffs, Kinderfreizeiten und Seniorenangebote. Auch kann man den Bildhauern, Holzschnitzern, T\u00f6pfern oder Hobbymalern bei ihrer kunstvollen T\u00e4tigkeit \u00fcber die Schulter sehen. <\/span><\/span><\/span><\/p>\n<p><i><span style=\"font-size: medium;\"><span style=\"color: #000000;\"><span style=\"font-family: Arial;\">Besuchen Sie die Rh\u00f6n, das preiswerte und interessante Reiseland mitten in <\/span><\/span><\/span><\/i><i><span style=\"font-family: Arial;\"><span style=\"font-size: medium;\"><span style=\"color: #000000;\">Deutschland.<\/span><\/span><\/span><\/i><\/p>\n","protected":false},"excerpt":{"rendered":"<p>Die Landschaft der Rh\u00f6n Im Herzen Deutschlands teilen sich Bayern, Hessen und Th\u00fcringen die Rh\u00f6n, ein Mittelgebirge mit ganz besonderen Reizen. Die Rh\u00f6n besteht aus langgestreckten H\u00f6henz\u00fcgen, flachwelligen Hochebenen und einer Vielzahl von Kuppen. Sie zeigt damit zwar die typischen &hellip; <a href=\"https:\/\/ferien-rhoen.de\/index.php\/landschaft-rhon\/\">Weiterlesen <span class=\"meta-nav\">&rarr;<\/span><\/a><\/p>\n","protected":false},"author":1,"featured_media":0,"parent":0,"menu_order":0,"comment_status":"closed","ping_status":"closed","template":"","meta":{"ngg_post_thumbnail":0,"footnotes":""},"class_list":["post-59","page","type-page","status-publish","hentry"],"_links":{"self":[{"href":"https:\/\/ferien-rhoen.de\/index.php\/wp-json\/wp\/v2\/pages\/59","targetHints":{"allow":["GET"]}}],"collection":[{"href":"https:\/\/ferien-rhoen.de\/index.php\/wp-json\/wp\/v2\/pages"}],"about":[{"href":"https:\/\/ferien-rhoen.de\/index.php\/wp-json\/wp\/v2\/types\/page"}],"author":[{"embeddable":true,"href":"https:\/\/ferien-rhoen.de\/index.php\/wp-json\/wp\/v2\/users\/1"}],"replies":[{"embeddable":true,"href":"https:\/\/ferien-rhoen.de\/index.php\/wp-json\/wp\/v2\/comments?post=59"}],"version-history":[{"count":0,"href":"https:\/\/ferien-rhoen.de\/index.php\/wp-json\/wp\/v2\/pages\/59\/revisions"}],"wp:attachment":[{"href":"https:\/\/ferien-rhoen.de\/index.php\/wp-json\/wp\/v2\/media?parent=59"}],"curies":[{"name":"wp","href":"https:\/\/api.w.org\/{rel}","templated":true}]}}