{"id":65,"date":"2013-03-19T09:06:56","date_gmt":"2013-03-19T09:06:56","guid":{"rendered":"http:\/\/ferien-rhoen.de\/?page_id=65"},"modified":"2019-01-13T14:26:14","modified_gmt":"2019-01-13T14:26:14","slug":"ferienhauser-wohnungen","status":"publish","type":"page","link":"https:\/\/ferien-rhoen.de\/index.php\/ferienhauser-wohnungen\/","title":{"rendered":"Ferienh\u00e4user\/-wohnungen"},"content":{"rendered":"<p><a href=\"http:\/\/ferien-rhoen.de\/landschaft-rhon\/anlage-gesamt\/\" rel=\"attachment wp-att-79\"><img loading=\"lazy\" decoding=\"async\" class=\"alignnone size-medium wp-image-79\" src=\"http:\/\/ferien-rhoen.de\/wp-content\/uploads\/2013\/03\/Anlage-gesamt-300x275.jpg\" alt=\"Anlage gesamt\" width=\"300\" height=\"275\" srcset=\"https:\/\/ferien-rhoen.de\/wp-content\/uploads\/2013\/03\/Anlage-gesamt-300x275.jpg 300w, https:\/\/ferien-rhoen.de\/wp-content\/uploads\/2013\/03\/Anlage-gesamt-600x551.jpg 600w, https:\/\/ferien-rhoen.de\/wp-content\/uploads\/2013\/03\/Anlage-gesamt-326x300.jpg 326w, https:\/\/ferien-rhoen.de\/wp-content\/uploads\/2013\/03\/Anlage-gesamt.jpg 941w\" sizes=\"auto, (max-width: 300px) 100vw, 300px\" \/><\/a>Den <strong>Ferienpark Rh\u00f6n Residence<\/strong> finden Sie im Erholungsort Dipperz-Friesenhausen, im\u00a0sch\u00f6nsten Teil der der hessischen Rh\u00f6n, unweit von Fulda und der Wasserkuppe\u00a0(jeweils ca. \u00a012 km entfernt). Von hier k\u00f6nnen Sie alle Ausflugsziele der Rh\u00f6n schnell erreichen.<\/p>\n<p>Auf einem 100.000 qm gro\u00dfen Gel\u00e4nde befinden sich Bungalows, die Seegastst\u00e4tte Kneshecke mit gro\u00dfem Biergarten sowie ein Hotel mit Restaurant und Bar. Am Anlageneingang finden Sie zus\u00e4tzlich einen B\u00e4cker und einen Metzger. Das Angelparadis Manz ist etwa 800 m entfernt.<\/p>\n<p><a href=\"http:\/\/ferien-rhoen.de\/landschaft-rhon\/schwimmbad\/\" rel=\"attachment wp-att-134\"><img loading=\"lazy\" decoding=\"async\" class=\"alignnone size-full wp-image-134\" src=\"http:\/\/ferien-rhoen.de\/wp-content\/uploads\/2013\/03\/Schwimmbad.jpg\" alt=\"Schwimmbad\" width=\"300\" height=\"195\" \/><\/a>F\u00fcr die Freizeitgestaltung sind Schwimmbad, Sauna, Solarium, Wellnessangebote, Kegelbahn, Minigolf, Tischtennisplatte, Kinderkajak, Flo\u00df und Kinderspielpl\u00e4tze vorhanden. Nordic-Walking und eine Vielzahl von\u00a0ausgeschilderten Wanderwegen runden das Angebot ab.<\/p>\n<p>Unsere Gastgeber freuen sich auf Ihren Besuch und versprechen Ihnen erholsame und abwechslungsreiche Tage.<\/p>\n<p><strong><a href=\"http:\/\/ferien-rhoen.de\/landschaft-rhon\/bungalow-aussen-medium\/\" rel=\"attachment wp-att-125\"><img loading=\"lazy\" decoding=\"async\" class=\"alignnone size-full wp-image-125\" src=\"http:\/\/ferien-rhoen.de\/wp-content\/uploads\/2013\/03\/Bungalow-Aussen-Medium.jpg\" alt=\"Bungalow Aussen (Medium)\" width=\"800\" height=\"789\" srcset=\"https:\/\/ferien-rhoen.de\/wp-content\/uploads\/2013\/03\/Bungalow-Aussen-Medium.jpg 800w, https:\/\/ferien-rhoen.de\/wp-content\/uploads\/2013\/03\/Bungalow-Aussen-Medium-300x295.jpg 300w, https:\/\/ferien-rhoen.de\/wp-content\/uploads\/2013\/03\/Bungalow-Aussen-Medium-600x591.jpg 600w, https:\/\/ferien-rhoen.de\/wp-content\/uploads\/2013\/03\/Bungalow-Aussen-Medium-304x300.jpg 304w\" sizes=\"auto, (max-width: 800px) 100vw, 800px\" \/><\/a>Ferienh\u00e4user zur Alleinnutzung Typ A mit Balkon\u00a0f\u00fcr 2 &#8211; 4 Personen<\/strong>\u00a0\u00a0\u00a0\u00a0\u00a0\u00a0\u00a0\u00a0\u00a0\u00a0\u00a0\u00a0\u00a0\u00a0\u00a0\u00a0\u00a0\u00a0\u00a0\u00a0\u00a0\u00a0 Wohnzimmer mit Essecke und\u00a0 Schlafcouch, Sat-TV, Schlafzimmer mit Doppelbett, K\u00fcchenzeile mit K\u00fchlschrank, 2 Platten-Herd und Microwelle,\u00a0 Dusche\/WC, ca.\u00a050\u00a0qm,\u00a0\u00a0\u00a0\u00a0\u00a0\u00a0\u00a0\u00a0\u00a0\u00a0\u00a0\u00a0\u00a0\u00a0\u00a0\u00a0\u00a0\u00a0\u00a0\u00a0\u00a0\u00a0\u00a0\u00a0\u00a0\u00a0\u00a0\u00a0\u00a0\u00a0\u00a0\u00a0\u00a0\u00a0\u00a0\u00a0\u00a0\u00a0\u00a0\u00a0\u00a0\u00a0\u00a0\u00a0\u00a0\u00a0\u00a0\u00a0\u00a0\u00a0\u00a0\u00a0\u00a0\u00a0\u00a0\u00a0\u00a0\u00a0\u00a0\u00a0\u00a0\u00a0\u00a0\u00a0\u00a0\u00a0\u00a0\u00a0\u00a0\u00a0\u00a0\u00a0\u00a0\u00a0\u00a0\u00a0\u00a0\u00a0\u00a0\u00a0\u00a0\u00a0\u00a0\u00a0\u00a0\u00a0\u00a0\u00a0\u00a0\u00a0\u00a0\u00a0\u00a0\u00a0\u00a0\u00a0\u00a0\u00a0\u00a0\u00a0\u00a0\u00a0\u00a0\u00a0\u00a0\u00a0\u00a0\u00a0\u00a0\u00a0\u00a0\u00a0\u00a0\u00a0\u00a0\u00a0\u00a0\u00a0\u00a0\u00a0\u00a0\u00a0 zum Preis ab\u00a0 44,00 Euro\u00a0 (incl. Endreinigung, Strom,\u00a0 Heizung)<\/p>\n<p><strong><a href=\"http:\/\/ferien-rhoen.de\/landschaft-rhon\/olympus-digital-camera-7\/\" rel=\"attachment wp-att-128\"><img loading=\"lazy\" decoding=\"async\" class=\"alignnone size-full wp-image-128\" src=\"http:\/\/ferien-rhoen.de\/wp-content\/uploads\/2013\/03\/BungalowSeite.jpg\" alt=\"OLYMPUS DIGITAL CAMERA\" width=\"1280\" height=\"960\" srcset=\"https:\/\/ferien-rhoen.de\/wp-content\/uploads\/2013\/03\/BungalowSeite.jpg 1280w, https:\/\/ferien-rhoen.de\/wp-content\/uploads\/2013\/03\/BungalowSeite-300x225.jpg 300w, https:\/\/ferien-rhoen.de\/wp-content\/uploads\/2013\/03\/BungalowSeite-1024x768.jpg 1024w, https:\/\/ferien-rhoen.de\/wp-content\/uploads\/2013\/03\/BungalowSeite-600x450.jpg 600w, https:\/\/ferien-rhoen.de\/wp-content\/uploads\/2013\/03\/BungalowSeite-400x300.jpg 400w\" sizes=\"auto, (max-width: 1280px) 100vw, 1280px\" \/><\/a><\/strong><\/p>\n<p><strong>Ferienh\u00e4user zur Alleinnutzung Typ B mit Balkon f\u00fcr 3 &#8211; 6 Personen<\/strong>\u00a0\u00a0\u00a0\u00a0\u00a0\u00a0\u00a0\u00a0\u00a0\u00a0\u00a0\u00a0\u00a0\u00a0\u00a0\u00a0 Wohnzimmer mit Essecke und Schlafcouch,\u00a0Sat-TV,\u00a0Schlafzimmer mit Doppelbett, Schlafzimmer mit Doppelstockbett ( 2 m x 0,95 m), Kinderbett bis 3 Jahre, K\u00fcche mit 2 Platten-Herd, Microwelle, K\u00fchlschrank,\u00a0Dusche\/WC, \u00a0ca.\u00a065 qm\u00a0\u00a0\u00a0\u00a0\u00a0\u00a0\u00a0\u00a0\u00a0\u00a0\u00a0\u00a0\u00a0\u00a0\u00a0\u00a0\u00a0\u00a0\u00a0\u00a0\u00a0\u00a0\u00a0\u00a0\u00a0\u00a0\u00a0\u00a0\u00a0\u00a0\u00a0\u00a0\u00a0\u00a0\u00a0 zum Preis ab 57,00 Euro (incl. Endreinigung, Strom, Heizung)<\/p>\n<p><span style=\"color: #ff0000;\"><strong><em>Tipp:\u00a0 Fragen Sie nach den Sonderangeboten\u00a0 14 Tage = 12 Tage bezahlen oder Last Minute-Angebote<\/em> <\/strong><\/span><\/p>\n<p><strong>Verbindung Rh\u00f6n Residence Bungalows GbR<\/strong>:\u00a0 <a href=\"http:\/\/www.ferienhaus-rhoen.npage.de\" target=\"_blank\" rel=\"noopener\">www.ferienhaus-rhoen.info<\/a> \u00a0Verbindung: <a href=\"mailto:angelika-beutel@web.de\">angelika-beutel@web.de\u00a0<\/a>\u00a0\u00a0\u00a0\u00a0\u00a0\u00a0\u00a0\u00a0\u00a0\u00a0\u00a0 Tel.\u00a0 0171 4817484<\/p>\n<p>Bungalows Kneshecke:\u00a0 <a href=\"mailto:brigitta.herbert@gmx.de\">brigitta.herbert@gmx.de<\/a>\u00a0\u00a0\u00a0\u00a0\u00a0 \u00a0Tel.: 04101-72855<\/p>\n<p><strong><a href=\"http:\/\/ferien-rhoen.de\/ferienhauser-wohnungen\/dscn1156\/\" rel=\"attachment wp-att-140\"><img loading=\"lazy\" decoding=\"async\" class=\"alignnone size-full wp-image-140\" src=\"http:\/\/ferien-rhoen.de\/wp-content\/uploads\/2013\/03\/DSCN1156.jpg\" alt=\"DSCN1156\" width=\"2592\" height=\"1944\" srcset=\"https:\/\/ferien-rhoen.de\/wp-content\/uploads\/2013\/03\/DSCN1156.jpg 2592w, https:\/\/ferien-rhoen.de\/wp-content\/uploads\/2013\/03\/DSCN1156-300x225.jpg 300w, https:\/\/ferien-rhoen.de\/wp-content\/uploads\/2013\/03\/DSCN1156-1024x768.jpg 1024w, https:\/\/ferien-rhoen.de\/wp-content\/uploads\/2013\/03\/DSCN1156-600x450.jpg 600w, https:\/\/ferien-rhoen.de\/wp-content\/uploads\/2013\/03\/DSCN1156-400x300.jpg 400w\" sizes=\"auto, (max-width: 2592px) 100vw, 2592px\" \/><\/a>Ferienwohnung &#8222;Rh\u00f6n Antik&#8220; im Landhausstil<\/strong>\u00a0\u00a0\u00a0\u00a0\u00a0\u00a0\u00a0\u00a0\u00a0\u00a0\u00a0\u00a0\u00a0\u00a0\u00a0\u00a0\u00a0\u00a0\u00a0\u00a0\u00a0\u00a0\u00a0\u00a0\u00a0\u00a0\u00a0\u00a0\u00a0\u00a0\u00a0\u00a0\u00a0\u00a0\u00a0\u00a0\u00a0\u00a0\u00a0\u00a0\u00a0\u00a0\u00a0\u00a0\u00a0\u00a0\u00a0 Wohnzimmer mit Essecke und Schlafcouch, Sat-TV, Schlafzimmer mit Doppelbett, Kinderbett, Kinderhochstuhl, K\u00fcchenteil mit 2 Plattenherd, Microwelle, Bad\/Dusche\/WC, ca. 50 qm ebenfalls im Ferienpark Rh\u00f6n Residence\u00a0\u00a0\u00a0\u00a0\u00a0\u00a0\u00a0\u00a0\u00a0\u00a0\u00a0\u00a0\u00a0\u00a0\u00a0\u00a0\u00a0\u00a0\u00a0\u00a0\u00a0\u00a0\u00a0\u00a0\u00a0\u00a0\u00a0\u00a0\u00a0\u00a0\u00a0\u00a0\u00a0\u00a0\u00a0\u00a0\u00a0\u00a0\u00a0\u00a0\u00a0\u00a0\u00a0\u00a0\u00a0\u00a0\u00a0\u00a0\u00a0\u00a0\u00a0\u00a0\u00a0\u00a0\u00a0 zum Preis ab 35,00 Euro (zuz\u00fcgl. Endreinigung &#8211; vorzugsweise Wochenvermietung)<\/p>\n<p><a href=\"http:\/\/www.ferienwohnung-rhoenantik.de\">www.ferienwohnung-rhoenantik.de<\/a>\u00a0\u00a0\u00a0\u00a0\u00a0\u00a0\u00a0\u00a0\u00a0\u00a0\u00a0\u00a0\u00a0\u00a0\u00a0\u00a0\u00a0\u00a0\u00a0\u00a0\u00a0\u00a0\u00a0\u00a0\u00a0\u00a0\u00a0\u00a0\u00a0\u00a0\u00a0\u00a0\u00a0\u00a0\u00a0\u00a0\u00a0\u00a0\u00a0\u00a0\u00a0\u00a0\u00a0\u00a0\u00a0\u00a0\u00a0\u00a0\u00a0\u00a0\u00a0\u00a0\u00a0\u00a0\u00a0\u00a0\u00a0\u00a0\u00a0\u00a0\u00a0\u00a0\u00a0\u00a0\u00a0\u00a0\u00a0\u00a0\u00a0\u00a0\u00a0\u00a0 Verbindung: <a href=\"mailto:dirk.kruse50@web.de\">dirk.kruse50@web.de<\/a>\u00a0 Tel.: 06657 &#8211; 8950<\/p>\n<p><a href=\"http:\/\/ferien-rhoen.de\/wp-content\/uploads\/2013\/03\/fewo-jahn.jpg\"><img loading=\"lazy\" decoding=\"async\" class=\"alignnone wp-image-616 size-full\" src=\"http:\/\/ferien-rhoen.de\/wp-content\/uploads\/2013\/03\/fewo-jahn.jpg\" width=\"965\" height=\"724\" srcset=\"https:\/\/ferien-rhoen.de\/wp-content\/uploads\/2013\/03\/fewo-jahn.jpg 965w, https:\/\/ferien-rhoen.de\/wp-content\/uploads\/2013\/03\/fewo-jahn-300x225.jpg 300w, https:\/\/ferien-rhoen.de\/wp-content\/uploads\/2013\/03\/fewo-jahn-768x576.jpg 768w, https:\/\/ferien-rhoen.de\/wp-content\/uploads\/2013\/03\/fewo-jahn-400x300.jpg 400w\" sizes=\"auto, (max-width: 965px) 100vw, 965px\" \/><\/a><strong><br \/>\nFerienwohnungen im Ortsteil Armenhof, Hauptstr. 8\u00a0 (2 bis 10 Personen)<br \/>\n<\/strong>zum Preis ab 50,00 Euro (zuz\u00fcgl. Endreingung)<\/p>\n<p><a href=\"http:\/\/www.ferienhaus-rhoen.de\">http:\/\/www.ferienhaus-rhoen.de<br \/>\n<\/a>Verbindung: <a href=\"m.jahn@online.de\">m.jahn@online.de<br \/>\n<\/a>Tel. 0171 9913433<\/p>\n<p><strong>Ferienwohnung im Ortsteil Wolferts\u00a0f\u00fcr bis zu 4 Personen<\/strong>\u00a0\u00a0\u00a0\u00a0\u00a0\u00a0\u00a0\u00a0\u00a0\u00a0\u00a0\u00a0\u00a0\u00a0\u00a0\u00a0\u00a0\u00a0\u00a0\u00a0\u00a0\u00a0\u00a0\u00a0\u00a0\u00a0\u00a0\u00a0\u00a0\u00a0\u00a0\u00a0\u00a0\u00a0\u00a0\u00a0\u00a0\u00a0\u00a0 Verbindung:\u00a0 Helmut Wehner, Tel. 06657 &#8211; 7101<\/p>\n<p>Gastronomiebetriebe in der N\u00e4he finden Sie <a title=\"Gastst\u00e4tten\" href=\"http:\/\/ferien-rhoen.de\/gaststatten\/\" target=\"_blank\" rel=\"noopener\">hier<\/a>.<\/p>\n","protected":false},"excerpt":{"rendered":"<p>Den Ferienpark Rh\u00f6n Residence finden Sie im Erholungsort Dipperz-Friesenhausen, im\u00a0sch\u00f6nsten Teil der der hessischen Rh\u00f6n, unweit von Fulda und der Wasserkuppe\u00a0(jeweils ca. \u00a012 km entfernt). Von hier k\u00f6nnen Sie alle Ausflugsziele der Rh\u00f6n schnell erreichen. Auf einem 100.000 qm gro\u00dfen &hellip; <a href=\"https:\/\/ferien-rhoen.de\/index.php\/ferienhauser-wohnungen\/\">Weiterlesen <span class=\"meta-nav\">&rarr;<\/span><\/a><\/p>\n","protected":false},"author":1,"featured_media":0,"parent":0,"menu_order":0,"comment_status":"closed","ping_status":"closed","template":"","meta":{"ngg_post_thumbnail":0,"footnotes":""},"class_list":["post-65","page","type-page","status-publish","hentry"],"_links":{"self":[{"href":"https:\/\/ferien-rhoen.de\/index.php\/wp-json\/wp\/v2\/pages\/65","targetHints":{"allow":["GET"]}}],"collection":[{"href":"https:\/\/ferien-rhoen.de\/index.php\/wp-json\/wp\/v2\/pages"}],"about":[{"href":"https:\/\/ferien-rhoen.de\/index.php\/wp-json\/wp\/v2\/types\/page"}],"author":[{"embeddable":true,"href":"https:\/\/ferien-rhoen.de\/index.php\/wp-json\/wp\/v2\/users\/1"}],"replies":[{"embeddable":true,"href":"https:\/\/ferien-rhoen.de\/index.php\/wp-json\/wp\/v2\/comments?post=65"}],"version-history":[{"count":0,"href":"https:\/\/ferien-rhoen.de\/index.php\/wp-json\/wp\/v2\/pages\/65\/revisions"}],"wp:attachment":[{"href":"https:\/\/ferien-rhoen.de\/index.php\/wp-json\/wp\/v2\/media?parent=65"}],"curies":[{"name":"wp","href":"https:\/\/api.w.org\/{rel}","templated":true}]}}